{"id":6155,"date":"2022-03-10T10:07:49","date_gmt":"2022-03-10T09:07:49","guid":{"rendered":"https:\/\/www.camminodonbosco.eu\/ueber-uns\/"},"modified":"2024-02-25T11:37:24","modified_gmt":"2024-02-25T10:37:24","slug":"ueber-uns","status":"publish","type":"page","link":"https:\/\/www.camminodonbosco.eu\/de\/ueber-uns\/","title":{"rendered":"\u00dcber uns"},"content":{"rendered":"\t\t<div data-elementor-type=\"wp-page\" data-elementor-id=\"6155\" class=\"elementor elementor-6155 elementor-106\" data-elementor-post-type=\"page\">\n\t\t\t\t\t\t<section class=\"elementor-section elementor-top-section elementor-element elementor-element-7413a5ea elementor-section-full_width elementor-section-height-min-height elementor-section-items-stretch elementor-section-content-middle elementor-reverse-tablet elementor-section-height-default\" data-id=\"7413a5ea\" data-element_type=\"section\">\n\t\t\t\t\t\t<div class=\"elementor-container elementor-column-gap-no\">\n\t\t\t\t\t<div class=\"elementor-column elementor-col-50 elementor-top-column elementor-element elementor-element-67360b11\" data-id=\"67360b11\" data-element_type=\"column\">\n\t\t\t<div class=\"elementor-widget-wrap elementor-element-populated\">\n\t\t\t\t\t\t<div class=\"elementor-element elementor-element-4000cdb5 elementor-widget elementor-widget-heading\" data-id=\"4000cdb5\" data-element_type=\"widget\" data-widget_type=\"heading.default\">\n\t\t\t\t<div class=\"elementor-widget-container\">\n\t\t\t\t\t<h1 class=\"elementor-heading-title elementor-size-default\">Wie entstand der Don-Bosco-Weg<\/h1>\t\t\t\t<\/div>\n\t\t\t\t<\/div>\n\t\t\t\t<div class=\"elementor-element elementor-element-38826822 elementor-widget elementor-widget-text-editor\" data-id=\"38826822\" data-element_type=\"widget\" data-widget_type=\"text-editor.default\">\n\t\t\t\t<div class=\"elementor-widget-container\">\n\t\t\t\t\t\t\t\t\t<p>Im September 2010 machte sich eine kleine Gruppe unseres Vereins in Saint Jean Pied de Port auf den Weg nach Santiago. Eine unvergessliche Erfahrung, die Emotionen schenkt und bei allen, die sie erleben, Spuren hinterl\u00e4sst: Man ist nie allein, umgeben von vielen Menschen jeden Alters, die aus aller Welt kommen. Ein <i>langsamer Tourismus<\/i>, der durch Gebiete f\u00fchrt, die dank des <i>Camino<\/i> ihre Identit\u00e4t und ihren Zweck wiedergefunden haben. Einige gehen alleine, andere bevorzugen Gesellschaft \u2013 die Gr\u00fcnde sind vielf\u00e4ltig, aber das Ziel ist dasselbe: <b>Santiago de Compostela&nbsp;<\/b>   <\/p>\n<p>Ohne ein Ziel zu wandern, nur weil es gut tut, ist nicht befriedigend.<\/p>\n<p>Ein Jahr sp\u00e4ter trafen wir w\u00e4hrend einer unserer Wanderungen auf einem Pfad in den H\u00fcgeln von Turin eine fr\u00f6hliche Gruppe junger Leute, begleitet von einem Priester des Salesianischen Oratoriums von Valdocco &#8211; er f\u00fchrte sie von Turin zur Cascina Moglia in Moncucco, genauso wie Don Bosco mit seinen Jungen des Oratoriums vor einem Jahrhundert. Genau diese Begegnung war symbolisch f\u00fcr die Geburt des <b>Don-Bosco-Weges<\/b>, mit einem Arbeitsprojekt, das von den &#8222;Strade di Colori e Sapori&#8220; unterst\u00fctzt wurde. \u00dcber <strong>einen Zeitraum<\/strong> von mehr als 4 Jahren haben wir \u00fcber <strong>215 km<\/strong> an <b>Routen festgelegt<\/b>, etwa <b>2000 Wegweiser<\/b> aufgestellt und im Jahr 2016 den <b>F\u00fchrer des Don-Bosco-Weges<\/b> ver\u00f6ffentlicht, inklusive Karte, unter Beteiligung von Dutzenden von lokalen Betreibern. Der Weg umfasst 9 Etappen, 3 Varianten, 2 Verbindungen und weitere 4 Routen im Zusammenhang mit Don Bosco.     <\/p>\n<p>Die ASD Nordic Walking Andrate verf\u00fcgt \u00fcber ein <b>technisch-wissenschaftliches Komitee<\/b> f\u00fcr den <b>Don-Bosco-Weg<\/b>: Ute Erika Ludwig (Pr\u00e4sidentin ASD NW Andrate), Elena Di Bella (Leiterin des Bereichs l\u00e4ndliche Entwicklung der Citt\u00e0Metropolitana di Torino), Elena Comollo (Beauftragte f\u00fcr die F\u00f6rderung des Gebiets und Tourismus der Stadt Chieri), die Natur- und Landschaftsf\u00fchrer: Claudio Baldi, Paolo Deluca, Daniela Fassino und Paolo Vitagliani, Gianpaolo Fassino (Historiker, Dozent der Universit\u00e0 del Piemonte Orientale), Cecilia Garetto (Kulturmittlerin), Laura Agosti (Landschaftsarchitektin) und Alessandro Piccioni (Informationsarchitekt).<\/p>\n<p>Genau wie beim Camino de Santiago und der Via Francigena kann auch der Don-Bosco-Weg &#8211; wie bereits in den letzten Jahren gezeigt wurde &#8211; ein beeindruckendes Instrument zur F\u00f6rderung und wirtschaftlichen Aufwertung des Gebiets werden und dazu beitragen, das Wegenetz zu erhalten sowie Umwelt und Landschaft zu bewahren.<\/p>\n<p><i>\u201cEigentlich wollte ich nur einen Spaziergang machen, blieb dann aber drau\u00dfen bis zum Sonnenuntergang, denn ich wurde mir bewusst, dass hinausgehen in Wirklichkeit sich nach innen wenden bedeutet.Bei jedem Spaziergang in der Natur, erh\u00e4lt der Mensch immer mehr als er erwartet.\u201d&nbsp;<\/i><\/p>\n<p><em><strong>John Muir<\/strong><\/em>,<br>schottischer Ingenieur, Naturforscher und Schriftsteller,<br>der sein Leben dem Schutz und der Bewahrung der Natur widmete<\/p>\t\t\t\t\t\t\t\t<\/div>\n\t\t\t\t<\/div>\n\t\t\t\t\t<\/div>\n\t\t<\/div>\n\t\t\t\t<div class=\"elementor-column elementor-col-50 elementor-top-column elementor-element elementor-element-4ef67c39\" data-id=\"4ef67c39\" data-element_type=\"column\" data-settings=\"{&quot;background_background&quot;:&quot;classic&quot;}\">\n\t\t\t<div class=\"elementor-widget-wrap elementor-element-populated\">\n\t\t\t\t\t\t<div class=\"elementor-element elementor-element-7872f6c3 elementor-widget elementor-widget-spacer\" data-id=\"7872f6c3\" data-element_type=\"widget\" data-widget_type=\"spacer.default\">\n\t\t\t\t<div class=\"elementor-widget-container\">\n\t\t\t\t\t\t\t<div class=\"elementor-spacer\">\n\t\t\t<div class=\"elementor-spacer-inner\"><\/div>\n\t\t<\/div>\n\t\t\t\t\t\t<\/div>\n\t\t\t\t<\/div>\n\t\t\t\t\t<\/div>\n\t\t<\/div>\n\t\t\t\t\t<\/div>\n\t\t<\/section>\n\t\t\t\t<section class=\"elementor-section elementor-top-section elementor-element elementor-element-94e22e6 elementor-section-full_width elementor-section-height-default elementor-section-height-default\" data-id=\"94e22e6\" data-element_type=\"section\" data-settings=\"{&quot;background_background&quot;:&quot;classic&quot;}\">\n\t\t\t\t\t\t<div class=\"elementor-container elementor-column-gap-no\">\n\t\t\t\t\t<div class=\"elementor-column elementor-col-100 elementor-top-column elementor-element elementor-element-3eee758c\" data-id=\"3eee758c\" data-element_type=\"column\">\n\t\t\t<div class=\"elementor-widget-wrap elementor-element-populated\">\n\t\t\t\t\t\t<div class=\"elementor-element elementor-element-57de393 elementor-view-default elementor-widget elementor-widget-icon\" data-id=\"57de393\" data-element_type=\"widget\" data-widget_type=\"icon.default\">\n\t\t\t\t<div class=\"elementor-widget-container\">\n\t\t\t\t\t\t\t<div class=\"elementor-icon-wrapper\">\n\t\t\t<a class=\"elementor-icon\" href=\"#menu\">\n\t\t\t<i aria-hidden=\"true\" class=\"fas fa-arrow-up\"><\/i>\t\t\t<\/a>\n\t\t<\/div>\n\t\t\t\t\t\t<\/div>\n\t\t\t\t<\/div>\n\t\t\t\t<div class=\"elementor-element elementor-element-48a7011c elementor-widget elementor-widget-heading\" data-id=\"48a7011c\" data-element_type=\"widget\" data-widget_type=\"heading.default\">\n\t\t\t\t<div class=\"elementor-widget-container\">\n\t\t\t\t\t<h2 class=\"elementor-heading-title elementor-size-default\">Die Autoren<\/h2>\t\t\t\t<\/div>\n\t\t\t\t<\/div>\n\t\t\t\t<section class=\"elementor-section elementor-inner-section elementor-element elementor-element-2ccabd87 elementor-section-full_width elementor-section-height-default elementor-section-height-default\" data-id=\"2ccabd87\" data-element_type=\"section\">\n\t\t\t\t\t\t<div class=\"elementor-container elementor-column-gap-no\">\n\t\t\t\t\t<div class=\"elementor-column elementor-col-50 elementor-inner-column elementor-element elementor-element-1f3a7fe2\" data-id=\"1f3a7fe2\" data-element_type=\"column\">\n\t\t\t<div class=\"elementor-widget-wrap elementor-element-populated\">\n\t\t\t\t\t\t<div class=\"elementor-element elementor-element-8e54064 elementor-widget elementor-widget-heading\" data-id=\"8e54064\" data-element_type=\"widget\" data-widget_type=\"heading.default\">\n\t\t\t\t<div class=\"elementor-widget-container\">\n\t\t\t\t\t<h2 class=\"elementor-heading-title elementor-size-large\">Claudio Baldi\u200b<\/h2>\t\t\t\t<\/div>\n\t\t\t\t<\/div>\n\t\t\t\t<div class=\"elementor-element elementor-element-3a01d75 elementor-widget elementor-widget-image\" data-id=\"3a01d75\" data-element_type=\"widget\" data-widget_type=\"image.default\">\n\t\t\t\t<div class=\"elementor-widget-container\">\n\t\t\t\t\t\t\t\t\t\t\t\t\t\t\t<img fetchpriority=\"high\" decoding=\"async\" width=\"800\" height=\"535\" src=\"https:\/\/www.camminodonbosco.eu\/wp-content\/uploads\/2022\/07\/GliAutori-CLAUDIO-1024x685.jpg\" class=\"attachment-large size-large wp-image-1542\" alt=\"\" srcset=\"https:\/\/www.camminodonbosco.eu\/wp-content\/uploads\/2022\/07\/GliAutori-CLAUDIO-1024x685.jpg 1024w, https:\/\/www.camminodonbosco.eu\/wp-content\/uploads\/2022\/07\/GliAutori-CLAUDIO-300x201.jpg 300w, https:\/\/www.camminodonbosco.eu\/wp-content\/uploads\/2022\/07\/GliAutori-CLAUDIO-768x514.jpg 768w, https:\/\/www.camminodonbosco.eu\/wp-content\/uploads\/2022\/07\/GliAutori-CLAUDIO-1536x1028.jpg 1536w, https:\/\/www.camminodonbosco.eu\/wp-content\/uploads\/2022\/07\/GliAutori-CLAUDIO.jpg 1920w\" sizes=\"(max-width: 800px) 100vw, 800px\" \/>\t\t\t\t\t\t\t\t\t\t\t\t\t\t\t<\/div>\n\t\t\t\t<\/div>\n\t\t\t\t<div class=\"elementor-element elementor-element-d14d636 elementor-widget elementor-widget-text-editor\" data-id=\"d14d636\" data-element_type=\"widget\" data-widget_type=\"text-editor.default\">\n\t\t\t\t<div class=\"elementor-widget-container\">\n\t\t\t\t\t\t\t\t\t<p>Agronom und Wanderer, <b>Natur-und Landschaftsf\u00fchrer<\/b> sowie <b>Nordic-Walking-Trainer<\/b> seit 2006. Gr\u00fcnder des Amateur-Sportvereins Nordic Walking Andrate und Leiter der Nordic-Walking-Schule in Andrate, hat das Campus del Cammino\u00ae konzipiert. Autor mehrerer Ver\u00f6ffentlichungen zur Aufwertng des Territoriums und der Wanderwegenetze, darunter: l\u2019<i>Atlante dei prodotti tipici della provincia di Torino<\/i> (2003), la <i>Guida turistica dell\u2019Andrate Nordic Walking Park<\/i> (2006), la <i>Guida dei sentieri del paesaggio di Chiaverano<\/i> (2007), i <i>Percorsi cicloescursionistici delle Strade di colori e sapori<\/i> (2011), la <i>Guida territoriale di Carmagnola<\/i> (2015),        <i><b>Cammino Don Bosco. Guida escursionistica con cartina <\/b><\/i> (2016), <i>Inseguendo Cavour &#8211; escursioni sulle tracce di Camillo Benso, Conte di Cavour<\/i> (2021) e gli <i><b>Anelli del Cammino di Don Bosco<\/b><\/i>(2022, 9 cartine).<\/p>\n\t\t\t\t\t\t\t\t<\/div>\n\t\t\t\t<\/div>\n\t\t\t\t\t<\/div>\n\t\t<\/div>\n\t\t\t\t<div class=\"elementor-column elementor-col-50 elementor-inner-column elementor-element elementor-element-7e583aea\" data-id=\"7e583aea\" data-element_type=\"column\">\n\t\t\t<div class=\"elementor-widget-wrap elementor-element-populated\">\n\t\t\t\t\t\t<div class=\"elementor-element elementor-element-9a696cc elementor-widget elementor-widget-heading\" data-id=\"9a696cc\" data-element_type=\"widget\" data-widget_type=\"heading.default\">\n\t\t\t\t<div class=\"elementor-widget-container\">\n\t\t\t\t\t<h2 class=\"elementor-heading-title elementor-size-large\">Ute Erika Ludwig\u200b<\/h2>\t\t\t\t<\/div>\n\t\t\t\t<\/div>\n\t\t\t\t<div class=\"elementor-element elementor-element-bf6bc6a elementor-widget elementor-widget-image\" data-id=\"bf6bc6a\" data-element_type=\"widget\" data-widget_type=\"image.default\">\n\t\t\t\t<div class=\"elementor-widget-container\">\n\t\t\t\t\t\t\t\t\t\t\t\t\t\t\t<img decoding=\"async\" width=\"800\" height=\"535\" src=\"https:\/\/www.camminodonbosco.eu\/wp-content\/uploads\/2022\/07\/GliAutori-UTE-1-1024x685.jpg\" class=\"attachment-large size-large wp-image-2003\" alt=\"\" srcset=\"https:\/\/www.camminodonbosco.eu\/wp-content\/uploads\/2022\/07\/GliAutori-UTE-1-1024x685.jpg 1024w, https:\/\/www.camminodonbosco.eu\/wp-content\/uploads\/2022\/07\/GliAutori-UTE-1-300x201.jpg 300w, https:\/\/www.camminodonbosco.eu\/wp-content\/uploads\/2022\/07\/GliAutori-UTE-1-768x514.jpg 768w, https:\/\/www.camminodonbosco.eu\/wp-content\/uploads\/2022\/07\/GliAutori-UTE-1-1536x1028.jpg 1536w, https:\/\/www.camminodonbosco.eu\/wp-content\/uploads\/2022\/07\/GliAutori-UTE-1.jpg 1920w\" sizes=\"(max-width: 800px) 100vw, 800px\" \/>\t\t\t\t\t\t\t\t\t\t\t\t\t\t\t<\/div>\n\t\t\t\t<\/div>\n\t\t\t\t<div class=\"elementor-element elementor-element-bc94e4d elementor-widget elementor-widget-text-editor\" data-id=\"bc94e4d\" data-element_type=\"widget\" data-widget_type=\"text-editor.default\">\n\t\t\t\t<div class=\"elementor-widget-container\">\n\t\t\t\t\t\t\t\t\t<p>Geboren in Deutschland, Hochschulabschluss in Sprachen und P\u00e4dagogik. Nach Studium und Arbeit in Frankreich, Spanien und England lebt sie seit mehreren Jahrzehnten in Italien. Deutschlehrerin, \u00dcbersetzerin und Dolmetscherin in Unternehmen, Schulen und an der Universit\u00e4t Torino. Inhaberin eines Bed &amp; Breakfast in Moncucco T.se; seit 2009 <b>Nordic -Walking Trainerin<\/b> des ASD Nordic Walking Andrate. Mitverfasserin des     <b><i>Wanderf\u00fchrer mit Karte (2016) Cammino Don Bosco. <\/i><\/b> und der <b><i>Anelli del Cammino di Don Bosco<\/i><\/b> (2022, 9 cartine).<\/p>\n\t\t\t\t\t\t\t\t<\/div>\n\t\t\t\t<\/div>\n\t\t\t\t\t<\/div>\n\t\t<\/div>\n\t\t\t\t\t<\/div>\n\t\t<\/section>\n\t\t\t\t\t<\/div>\n\t\t<\/div>\n\t\t\t\t\t<\/div>\n\t\t<\/section>\n\t\t\t\t<section class=\"elementor-section elementor-top-section elementor-element elementor-element-6eb29536 elementor-section-full_width elementor-section-height-min-height elementor-section-items-stretch elementor-section-content-middle elementor-reverse-mobile elementor-section-height-default\" data-id=\"6eb29536\" data-element_type=\"section\">\n\t\t\t\t\t\t<div class=\"elementor-container elementor-column-gap-no\">\n\t\t\t\t\t<div class=\"elementor-column elementor-col-50 elementor-top-column elementor-element elementor-element-1c0a7b3f\" data-id=\"1c0a7b3f\" data-element_type=\"column\" data-settings=\"{&quot;background_background&quot;:&quot;classic&quot;}\">\n\t\t\t<div class=\"elementor-widget-wrap elementor-element-populated\">\n\t\t\t\t\t\t<div class=\"elementor-element elementor-element-1f226a93 elementor-widget elementor-widget-spacer\" data-id=\"1f226a93\" data-element_type=\"widget\" data-widget_type=\"spacer.default\">\n\t\t\t\t<div class=\"elementor-widget-container\">\n\t\t\t\t\t\t\t<div class=\"elementor-spacer\">\n\t\t\t<div class=\"elementor-spacer-inner\"><\/div>\n\t\t<\/div>\n\t\t\t\t\t\t<\/div>\n\t\t\t\t<\/div>\n\t\t\t\t\t<\/div>\n\t\t<\/div>\n\t\t\t\t<div class=\"elementor-column elementor-col-50 elementor-top-column elementor-element elementor-element-3ee4d055\" data-id=\"3ee4d055\" data-element_type=\"column\">\n\t\t\t<div class=\"elementor-widget-wrap elementor-element-populated\">\n\t\t\t\t\t\t<div class=\"elementor-element elementor-element-4bc0618 elementor-view-default elementor-widget elementor-widget-icon\" data-id=\"4bc0618\" data-element_type=\"widget\" data-widget_type=\"icon.default\">\n\t\t\t\t<div class=\"elementor-widget-container\">\n\t\t\t\t\t\t\t<div class=\"elementor-icon-wrapper\">\n\t\t\t<a class=\"elementor-icon\" href=\"#menu\">\n\t\t\t<i aria-hidden=\"true\" class=\"fas fa-arrow-up\"><\/i>\t\t\t<\/a>\n\t\t<\/div>\n\t\t\t\t\t\t<\/div>\n\t\t\t\t<\/div>\n\t\t\t\t<div class=\"elementor-element elementor-element-46cd9490 elementor-widget elementor-widget-heading\" data-id=\"46cd9490\" data-element_type=\"widget\" data-widget_type=\"heading.default\">\n\t\t\t\t<div class=\"elementor-widget-container\">\n\t\t\t\t\t<h2 class=\"elementor-heading-title elementor-size-default\">ASD Nordic Walking Andrate<\/h2>\t\t\t\t<\/div>\n\t\t\t\t<\/div>\n\t\t\t\t<div class=\"elementor-element elementor-element-534dba6 elementor-widget elementor-widget-text-editor\" data-id=\"534dba6\" data-element_type=\"widget\" data-widget_type=\"text-editor.default\">\n\t\t\t\t<div class=\"elementor-widget-container\">\n\t\t\t\t\t\t\t\t\t<p>Der Verein <b>Nordic Walking Andrate<\/b>, die erste Nordic-Walking-Schule in Italien ist seit 2007aktiv, organisiert Nordic-Walking Kurse und w\u00f6chentliche Wanderungen. In Zusammenarbeit mit den ASL organisiert und verwaltet er unter der Schirmherrschaft der lokalen Verwaltungen: Campus del Cammino\u00ae in Carmagnola, Ivrea und Rivarolo Canavese sowie das AgriCampus del Cammino\u00ae delle Colline Torinesi in Pecetto T.se,. Neben sportlichen Aktivit\u00e4ten f\u00f6rdert er kulturelle Initiativen und entwickelt und realisiert Projekte zur Wiederherstellung oder Aufwertung von Wanderwegen, darunter das Netz der Wanderwege vom Andrate Nordic Walking Park, der Don-Bosco-Weg, circuito cicloescursionistico delle Strade di Colori e Sapori und Sentiero fluviale di Rivarolo Canavese.  <\/p>\n<p><span style=\"letter-spacing: 0px;\"><a href=\"http:\/\/viviandrate.it\/\" target=\"_blank\" rel=\"noopener\">www.viviandrate.it<\/a><\/span><\/p>\n<p><a href=\"mailto:scuolanordicwalking@viviandrate.it\" target=\"_blank\" rel=\"noopener\">scuolanordicwalking@viviandrate.it<\/a><\/p>\n\t\t\t\t\t\t\t\t<\/div>\n\t\t\t\t<\/div>\n\t\t\t\t\t<\/div>\n\t\t<\/div>\n\t\t\t\t\t<\/div>\n\t\t<\/section>\n\t\t\t\t<section class=\"elementor-section elementor-top-section elementor-element elementor-element-38448bae elementor-section-full_width elementor-section-height-default elementor-section-height-default\" data-id=\"38448bae\" data-element_type=\"section\" data-settings=\"{&quot;background_background&quot;:&quot;classic&quot;}\">\n\t\t\t\t\t\t<div class=\"elementor-container elementor-column-gap-no\">\n\t\t\t\t\t<div class=\"elementor-column elementor-col-100 elementor-top-column elementor-element elementor-element-41e24902\" data-id=\"41e24902\" data-element_type=\"column\">\n\t\t\t<div class=\"elementor-widget-wrap elementor-element-populated\">\n\t\t\t\t\t\t<div class=\"elementor-element elementor-element-5a7225d elementor-view-default elementor-widget elementor-widget-icon\" data-id=\"5a7225d\" data-element_type=\"widget\" data-widget_type=\"icon.default\">\n\t\t\t\t<div class=\"elementor-widget-container\">\n\t\t\t\t\t\t\t<div class=\"elementor-icon-wrapper\">\n\t\t\t<a class=\"elementor-icon\" href=\"#menu\">\n\t\t\t<i aria-hidden=\"true\" class=\"fas fa-arrow-up\"><\/i>\t\t\t<\/a>\n\t\t<\/div>\n\t\t\t\t\t\t<\/div>\n\t\t\t\t<\/div>\n\t\t\t\t<div class=\"elementor-element elementor-element-67bf6a24 elementor-widget elementor-widget-heading\" data-id=\"67bf6a24\" data-element_type=\"widget\" data-widget_type=\"heading.default\">\n\t\t\t\t<div class=\"elementor-widget-container\">\n\t\t\t\t\t<h2 class=\"elementor-heading-title elementor-size-default\">Bibliographie<\/h2>\t\t\t\t<\/div>\n\t\t\t\t<\/div>\n\t\t\t\t<div class=\"elementor-element elementor-element-e3f2c21 elementor-widget elementor-widget-text-editor\" data-id=\"e3f2c21\" data-element_type=\"widget\" data-widget_type=\"text-editor.default\">\n\t\t\t\t<div class=\"elementor-widget-container\">\n\t\t\t\t\t\t\t\t\t<p>AA.VV. <b>Carissimo Oratorio Valdocco<\/b>, Scuola Grafica Salesiana, Torino, 2009<\/p>\n<p>Animagiovane, <b>Guida ai luoghi di Don Bosco<\/b>, Elledici, Roma, 2014<\/p>\n<p>Baldi Claudio, <b>Atlante dei prodotti tipici della Provincia di Torino<\/b>, Hapax editore, Torino, 2003<\/p>\n<p>Baruffi Giovanni, <b>Passeggiate nei dintorni di Torino<\/b>, Stamperia Reale, Torino 1853<\/p>\n<p>Bosco Giovanni, <b>Memorie dell\u2019Oratorio di S. Francesco di Sales. Dal 1815 al 1855 <\/b>, Istituto Storico Salesiano di Roma, Roma, 1991<\/p>\n<p>Candelo Luigi &#8211; Occhiena Diego, <b>I sentieri di Mamma Margherita<\/b>, San Giorgio Editrice, Genova, 2006<\/p>\n<p>Deambrogio Luigi,<b> Le passeggiate autunnali di Don Bosco per i Colli Monferrini<\/b>, Istituto Salesiano Bernardi Semeria, Castelnuovo Don Bosco, 1975<\/p>\n<p>Fassino Giampaolo, <b>A Vezzolano negli ultimi due secoli. Percorsi di visita tra sacro e profano,  <\/b>Centro Studi Piemontesi &#8211; L&amp;M I Luoghi e la Memoria, Torino, 2007<b><br \/><\/b><\/p>\n<p>Fassino Giampaolo, <b>Villastellone. Percorsi di storia e memoria della comunit\u00e0 <\/b>, Parentesi Graphica Carmagnola, 2022<\/p>\n<p>Francesia Giovanni, <b>Don Bosco e le sue passeggiate autunnali nel Monferrato<\/b>, Libreria Editrice Salesiana, Torino, 1901<\/p>\n<p>Ghivarello Riccardo, <b>Don Bosco Santo e Pino Torinese<\/b>, Soc. Ind. Graf. Fedetto e C., Torino, 1934  <\/p>\n<p>Peinetti Silvana, <b>A spasso lungo il Po<\/b>, arabAFenice, Cuneo, 2011<\/p>\n<p>Pro Natura Torino Onlus, <b>Sentieri della Collina Torinese<\/b>, Carte e guide descrittive nn.1 (Torino 2004), 2 (Torino 2007) e 3 (Torino 2013)<\/p><\/p>\n\t\t\t\t\t\t\t\t<\/div>\n\t\t\t\t<\/div>\n\t\t\t\t<div class=\"elementor-element elementor-element-13bd9a6 elementor-widget elementor-widget-spacer\" data-id=\"13bd9a6\" data-element_type=\"widget\" data-widget_type=\"spacer.default\">\n\t\t\t\t<div class=\"elementor-widget-container\">\n\t\t\t\t\t\t\t<div class=\"elementor-spacer\">\n\t\t\t<div class=\"elementor-spacer-inner\"><\/div>\n\t\t<\/div>\n\t\t\t\t\t\t<\/div>\n\t\t\t\t<\/div>\n\t\t\t\t<div class=\"elementor-element elementor-element-ac4e9f5 elementor-widget elementor-widget-text-editor\" data-id=\"ac4e9f5\" data-element_type=\"widget\" data-widget_type=\"text-editor.default\">\n\t\t\t\t<div class=\"elementor-widget-container\">\n\t\t\t\t\t\t\t\t\t<\/p>\n<p><i>\u201cImmaginiamo un prato verde un po\u2019 scosceso, con arbusti e piccole rocce, colpito dal sole ancora caldo di settembre tra le colline della provincia di Asti; un gruppetto di ragazzini con i pantaloni corti si tirano per la camicia, fanno capriole in mezzo all\u2019erba, ridono e schiamazzano. Immaginiamo di sentire ad un certo punto il forte suono di una tromba, i ragazzi si fermano, smettono i loro giochi e fanno silenzio. Compare allora un giovane sacerdote con una lunga veste nera, i capelli castani e ondulati. Prende i ragazzi per mano, li mette in fila ordinata, controlla che abbiano cibo ed acqua a sufficienza, li osserva mentre iniziano a camminare davanti a lui, pochi istanti dopo si unir\u00e0 al gruppo per chiuderlo\u201d.<\/i><\/p>\n<p style=\"text-align: right;\"><b>Aus \u201cMemorie dell\u2019Oratorio\u201d von Giovanni Bosco<\/b><\/p>\n\t\t\t\t\t\t\t\t<\/div>\n\t\t\t\t<\/div>\n\t\t\t\t\t<\/div>\n\t\t<\/div>\n\t\t\t\t\t<\/div>\n\t\t<\/section>\n\t\t\t\t<section class=\"elementor-section elementor-top-section elementor-element elementor-element-953f35b elementor-section-full_width elementor-section-height-default elementor-section-height-default\" data-id=\"953f35b\" data-element_type=\"section\">\n\t\t\t\t\t\t<div class=\"elementor-container elementor-column-gap-no\">\n\t\t\t\t\t<div class=\"elementor-column elementor-col-100 elementor-top-column elementor-element elementor-element-fb46c17\" data-id=\"fb46c17\" data-element_type=\"column\">\n\t\t\t<div class=\"elementor-widget-wrap elementor-element-populated\">\n\t\t\t\t\t\t<div class=\"elementor-element elementor-element-0aa3ece elementor-view-default elementor-widget elementor-widget-icon\" data-id=\"0aa3ece\" data-element_type=\"widget\" data-widget_type=\"icon.default\">\n\t\t\t\t<div class=\"elementor-widget-container\">\n\t\t\t\t\t\t\t<div class=\"elementor-icon-wrapper\">\n\t\t\t<a class=\"elementor-icon\" href=\"#menu\">\n\t\t\t<i aria-hidden=\"true\" class=\"fas fa-arrow-up\"><\/i>\t\t\t<\/a>\n\t\t<\/div>\n\t\t\t\t\t\t<\/div>\n\t\t\t\t<\/div>\n\t\t\t\t<div class=\"elementor-element elementor-element-52b12e7 elementor-widget elementor-widget-heading\" data-id=\"52b12e7\" data-element_type=\"widget\" data-widget_type=\"heading.default\">\n\t\t\t\t<div class=\"elementor-widget-container\">\n\t\t\t\t\t<h2 class=\"elementor-heading-title elementor-size-default\">Sie sprechen \u00fcber den Weg<\/h2>\t\t\t\t<\/div>\n\t\t\t\t<\/div>\n\t\t\t\t\t<\/div>\n\t\t<\/div>\n\t\t\t\t\t<\/div>\n\t\t<\/section>\n\t\t\t\t<section class=\"elementor-section elementor-top-section elementor-element elementor-element-db885ca elementor-section-boxed elementor-section-height-default elementor-section-height-default\" data-id=\"db885ca\" data-element_type=\"section\">\n\t\t\t\t\t\t<div class=\"elementor-container elementor-column-gap-default\">\n\t\t\t\t\t<div class=\"elementor-column elementor-col-100 elementor-top-column elementor-element elementor-element-7b88e5b\" data-id=\"7b88e5b\" data-element_type=\"column\">\n\t\t\t<div class=\"elementor-widget-wrap elementor-element-populated\">\n\t\t\t\t\t\t<div class=\"elementor-element elementor-element-48629d5 elementor-arrows-yes elementor-review--has-separator elementor--star-style-star_fontawesome elementor-widget elementor-widget-reviews\" data-id=\"48629d5\" data-element_type=\"widget\" data-settings=\"{&quot;slides_per_view&quot;:&quot;4&quot;,&quot;slides_to_scroll&quot;:&quot;4&quot;,&quot;show_arrows&quot;:&quot;yes&quot;,&quot;speed&quot;:500,&quot;space_between&quot;:{&quot;unit&quot;:&quot;px&quot;,&quot;size&quot;:10,&quot;sizes&quot;:[]},&quot;space_between_tablet&quot;:{&quot;unit&quot;:&quot;px&quot;,&quot;size&quot;:10,&quot;sizes&quot;:[]},&quot;space_between_mobile&quot;:{&quot;unit&quot;:&quot;px&quot;,&quot;size&quot;:10,&quot;sizes&quot;:[]}}\" data-widget_type=\"reviews.default\">\n\t\t\t\t<div class=\"elementor-widget-container\">\n\t\t\t\t\t\t\t\t\t<div class=\"elementor-swiper\">\n\t\t\t\t\t<div class=\"elementor-main-swiper swiper\" role=\"region\" aria-roledescription=\"carousel\" aria-label=\"Slider\">\n\t\t\t\t<div class=\"swiper-wrapper\">\n\t\t\t\t\t\t\t\t\t\t\t<div class=\"swiper-slide\" role=\"group\" aria-roledescription=\"slide\">\n\t\t\t\t\t\t\t\t\t<div class=\"elementor-testimonial elementor-repeater-item-ec94349\">\n\t\t\t\t\t\t\t<div class=\"elementor-testimonial__header\">\n\t\t\t\t\t\t\t\t\t\t\t<div class=\"elementor-testimonial__image\">\n\t\t\t\t\t\t\t<img decoding=\"async\" src=\"https:\/\/www.camminodonbosco.eu\/wp-content\/uploads\/2022\/07\/ParlanodelCammino-ClaudiaC..jpg\" alt=\"Claudia C.\">\n\t\t\t\t\t\t\t\t\t\t\t\t\t<\/div>\n\t\t\t\t\t\t\t\t\t\t<cite class=\"elementor-testimonial__cite\"><span class=\"elementor-testimonial__name\">Claudia C.<\/span><\/cite>\t\t\t\t\t<div class=\"elementor-testimonial__icon elementor-icon elementor-icon-\" aria-label=\"Weiterlesen\"><\/div>\t\t\t\t<\/div>\n\t\t\t\t\t\t\t\t\t\t<div class=\"elementor-testimonial__content\">\n\t\t\t\t\t<div class=\"elementor-testimonial__text\">\n\t\t\t\t\t\tIch und meine Freundin Laura sind im Jahr 2020 den Don-Bosco-Weg von Superga nach Castelnuovo Don Bosco \u00fcber Vezzolano gelaufen. Es war eine Erfahrung, die uns im Herzen geblieben ist. Mit Hilfe des offiziellen Wegf\u00fchrers haben wir wundersch\u00f6ne Landschaften bewundert und Menschen getroffen, die uns als Wanderinnen wichtig gemacht haben. Wir denken, dass es sich um einen Weg mit gro\u00dfem Potenzial handelt, der den bekannteren mehrt\u00e4gigen Wanderungen in nichts nachsteht.\n\n\n\t\t\t\t\t<\/div>\n\t\t\t\t<\/div>\n\t\t\t\t\t<\/div>\n\t\t\t\t\t\t\t\t<\/div>\n\t\t\t\t\t\t\t\t\t\t\t<div class=\"swiper-slide\" role=\"group\" aria-roledescription=\"slide\">\n\t\t\t\t\t\t\t\t\t<div class=\"elementor-testimonial elementor-repeater-item-13e44f7\">\n\t\t\t\t\t\t\t<div class=\"elementor-testimonial__header\">\n\t\t\t\t\t\t\t\t\t\t\t<div class=\"elementor-testimonial__image\">\n\t\t\t\t\t\t\t<img decoding=\"async\" src=\"https:\/\/www.camminodonbosco.eu\/wp-content\/uploads\/2022\/07\/Patrizia-M..jpg\" alt=\"Patrizia M.\">\n\t\t\t\t\t\t\t\t\t\t\t\t\t<\/div>\n\t\t\t\t\t\t\t\t\t\t<cite class=\"elementor-testimonial__cite\"><span class=\"elementor-testimonial__name\">Patrizia M.<\/span><\/cite>\t\t\t\t\t<div class=\"elementor-testimonial__icon elementor-icon elementor-icon-\" aria-label=\"Weiterlesen\"><\/div>\t\t\t\t<\/div>\n\t\t\t\t\t\t\t\t\t\t<div class=\"elementor-testimonial__content\">\n\t\t\t\t\t<div class=\"elementor-testimonial__text\">\n\t\t\t\t\t\tIm Juni 2021 haben wir in zwei Tagen den Don-Bosco-Weg von Superga nach Castelnuovo Don Bosco zur\u00fcckgelegt. Wir haben beschlossen, f\u00fcr die erste H\u00e4lfte den oberen Weg von Superga nach Sciolze und f\u00fcr die zweite H\u00e4lfte den mittleren Weg \u00fcber die Sciolze-Moncucco T.se-Variante zu w\u00e4hlen. Dabei haben wir uns auf den F\u00fchrer \"Cammino di Don Bosco. Guida escursionistica\" von Claudio Baldi und Ute Ludwig, herausgegeben von BluEdizioni, gest\u00fctzt. Die Strecke ist von au\u00dfergew\u00f6hnlicher Sch\u00f6nheit und f\u00fchrt durch einige D\u00f6rfer auf den H\u00fcgeln von Turin, wobei auch die bereits angelegten Wege des H\u00fcgelgebietes von Turin und Superga Crea genutzt werden. Sie ist abwechslungsreich und bietet weite Ausblicke, man wandert durch W\u00e4lder und entlang der H\u00fcgelk\u00e4mme, oft ohne auf bewohnte Zentren zu sto\u00dfen. Der Weg verl\u00e4uft auf Wanderwegen und wenig befahrenen Asphaltstra\u00dfen. Wir haben uns bewusst f\u00fcr diese Route entschieden, um asphaltierte Stra\u00dfen so weit wie m\u00f6glich zu vermeiden. Die Wanderwege sind gut ausgeschildert, mit eigens f\u00fcr den Cammino erstellter Beschilderung. Ich w\u00fcrde es immer wieder machen, mehrmals sogar. Und ich werde es wieder tun, indem ich die verschiedenen in der Anleitung angegebenen Wege ausprobiere. \n\n    \n \n \t\t\t\t\t<\/div>\n\t\t\t\t<\/div>\n\t\t\t\t\t<\/div>\n\t\t\t\t\t\t\t\t<\/div>\n\t\t\t\t\t\t\t\t\t<\/div>\n\t\t\t\t\t\t\t\t\t\t\t\t\t\t\t<div class=\"elementor-swiper-button elementor-swiper-button-prev\" role=\"button\" tabindex=\"0\" aria-label=\"Voriger\">\n\t\t\t\t\t\t\t<i aria-hidden=\"true\" class=\"eicon-chevron-left\"><\/i>\t\t\t\t\t\t<\/div>\n\t\t\t\t\t\t<div class=\"elementor-swiper-button elementor-swiper-button-next\" role=\"button\" tabindex=\"0\" aria-label=\"N\u00e4chster\">\n\t\t\t\t\t\t\t<i aria-hidden=\"true\" class=\"eicon-chevron-right\"><\/i>\t\t\t\t\t\t<\/div>\n\t\t\t\t\t\t\t\t\t\t\t\t\t\t\t\t\t<\/div>\n\t\t\t\t<\/div>\n\t\t\t\t\t\t\t\t<\/div>\n\t\t\t\t<\/div>\n\t\t\t\t<div class=\"elementor-element elementor-element-394dabe elementor-widget elementor-widget-spacer\" data-id=\"394dabe\" data-element_type=\"widget\" data-widget_type=\"spacer.default\">\n\t\t\t\t<div class=\"elementor-widget-container\">\n\t\t\t\t\t\t\t<div class=\"elementor-spacer\">\n\t\t\t<div class=\"elementor-spacer-inner\"><\/div>\n\t\t<\/div>\n\t\t\t\t\t\t<\/div>\n\t\t\t\t<\/div>\n\t\t\t\t\t<\/div>\n\t\t<\/div>\n\t\t\t\t\t<\/div>\n\t\t<\/section>\n\t\t\t\t<\/div>\n\t\t","protected":false},"excerpt":{"rendered":"<p>Wie entstand der Don-Bosco-Weg Im September 2010 machte sich eine kleine Gruppe unseres Vereins in Saint Jean Pied de Port auf den Weg nach Santiago. Eine unvergessliche Erfahrung, die Emotionen schenkt und bei allen, die sie erleben, Spuren hinterl\u00e4sst: Man ist nie allein, umgeben von vielen Menschen jeden Alters, die aus aller Welt kommen. Ein [&hellip;]<\/p>\n","protected":false},"author":1,"featured_media":0,"parent":0,"menu_order":0,"comment_status":"closed","ping_status":"closed","template":"elementor_header_footer","meta":{"footnotes":""},"class_list":["post-6155","page","type-page","status-publish","hentry"],"_links":{"self":[{"href":"https:\/\/www.camminodonbosco.eu\/de\/wp-json\/wp\/v2\/pages\/6155","targetHints":{"allow":["GET"]}}],"collection":[{"href":"https:\/\/www.camminodonbosco.eu\/de\/wp-json\/wp\/v2\/pages"}],"about":[{"href":"https:\/\/www.camminodonbosco.eu\/de\/wp-json\/wp\/v2\/types\/page"}],"author":[{"embeddable":true,"href":"https:\/\/www.camminodonbosco.eu\/de\/wp-json\/wp\/v2\/users\/1"}],"replies":[{"embeddable":true,"href":"https:\/\/www.camminodonbosco.eu\/de\/wp-json\/wp\/v2\/comments?post=6155"}],"version-history":[{"count":0,"href":"https:\/\/www.camminodonbosco.eu\/de\/wp-json\/wp\/v2\/pages\/6155\/revisions"}],"wp:attachment":[{"href":"https:\/\/www.camminodonbosco.eu\/de\/wp-json\/wp\/v2\/media?parent=6155"}],"curies":[{"name":"wp","href":"https:\/\/api.w.org\/{rel}","templated":true}]}}