{"id":6169,"date":"2022-07-20T10:13:12","date_gmt":"2022-07-20T08:13:12","guid":{"rendered":"https:\/\/www.camminodonbosco.eu\/privacy-policy\/"},"modified":"2024-02-25T12:33:44","modified_gmt":"2024-02-25T11:33:44","slug":"privacy-policy","status":"publish","type":"page","link":"https:\/\/www.camminodonbosco.eu\/de\/privacy-policy\/","title":{"rendered":"Privacy Policy"},"content":{"rendered":"\n<p>Diese Website erfasst einige personenbezogene Daten ihrer Nutzer.<\/p>\n\n<p>Dieses Dokument kann mithilfe des Druckbefehls in den Einstellungen eines beliebigen Browsers gedruckt werden.<\/p>\n\n<h2 class=\"wp-block-heading\"><a><\/a>Der Datenverarbeiter<\/h2>\n\n<p>Associazione Sportiva Dilettantistica<br\/>NORDIC WALKING ANDRATE<br\/>Piazza Fraschetto<br\/>10010 &#8211; Andrate (TO)<\/p>\n\n<p><strong>E-Mail-Adresse des Verantwortlichen:<\/strong> info@camminodonbosco.eu<\/p>\n\n<h2 class=\"wp-block-heading\"><a><\/a>Arten von gesammelten Daten<\/h2>\n\n<p>Unter den pers\u00f6nlichen Daten, die von dieser Website gesammelt werden, entweder eigenst\u00e4ndig oder durch Dritte, geh\u00f6ren: Nutzungsdaten; Tracking-Tools; Vorname; Nachname; Telefonnummer; E-Mail.<\/p>\n\n<p>Vollst\u00e4ndige Details zu jeder Art von gesammelten pers\u00f6nlichen Daten werden in den entsprechenden Abschnitten dieser Datenschutzerkl\u00e4rung bereitgestellt oder durch spezifische informative Texte angezeigt, die vor der Erfassung der Daten selbst angezeigt werden.<br\/>Die pers\u00f6nlichen Daten k\u00f6nnen vom Benutzer freiwillig bereitgestellt werden oder, im Falle von Nutzungsdaten, automatisch w\u00e4hrend der Nutzung dieser Website gesammelt werden.<br\/>Sofern nicht anders angegeben, sind alle von dieser Website angeforderten Daten obligatorisch. Wenn der Benutzer sich weigert, sie mitzuteilen, k\u00f6nnte es f\u00fcr diese Website unm\u00f6glich sein, den Service bereitzustellen. In F\u00e4llen, in denen diese Website bestimmte Daten als optional angibt, sind die Benutzer frei, sich zu weigern, solche Daten mitzuteilen, ohne dass dies Auswirkungen auf die Verf\u00fcgbarkeit oder den Betrieb des Dienstes hat.<br\/>Benutzer, die Zweifel dar\u00fcber haben, welche Daten obligatorisch sind, werden ermutigt, den Verantwortlichen zu kontaktieren.<br\/>Die m\u00f6gliche Verwendung von Cookies &#8211; oder anderen Tracking-Tools &#8211; durch diese Website oder die Drittanbieter, die von dieser Website genutzt werden, dient dazu, den vom Benutzer angeforderten Dienst bereitzustellen, sowie zus\u00e4tzliche Zwecke, die in diesem Dokument und in der Cookie-Richtlinie beschrieben sind.<\/p>\n\n<p>Der Benutzer \u00fcbernimmt die Verantwortung f\u00fcr pers\u00f6nliche Daten Dritter, die durch diese Website erhalten, ver\u00f6ffentlicht oder geteilt werden.<\/p>\n\n<h2 class=\"wp-block-heading\"><a><\/a>Die Art und Weise sowie der Ort der Datenverarbeitung der gesammelten Daten<\/h2>\n\n<h3 class=\"wp-block-heading\">Behandlungsmodalit\u00e4ten<\/h3>\n\n<p>Der Inhaber ergreift angemessene Sicherheitsma\u00dfnahmen, um unbefugten Zugriff, Offenlegung, \u00c4nderung oder Zerst\u00f6rung pers\u00f6nlicher Daten zu verhindern.<br\/>Die Verarbeitung erfolgt mit Hilfe von Informatik- und\/oder Telematikwerkzeugen, unter Einsatz organisatorischer Ma\u00dfnahmen und mit Logiken, die eng mit den angegebenen Zwecken verbunden sind. Neben dem Inhaber k\u00f6nnten in einigen F\u00e4llen auch andere Personen Zugang zu den Daten haben, die an der Organisation dieser Website beteiligt sind (Verwaltungspersonal, kaufm\u00e4nnisches Personal, Marketing, Rechtsabteilung, Systemadministratoren) oder externe Parteien (wie Drittanbieter technischer Dienstleistungen, Postdienstleister, Hosting-Provider, IT-Unternehmen, Kommunikationsagenturen), die gegebenenfalls vom Inhaber auch als Auftragsverarbeiter benannt werden. Die aktualisierte Liste der Verantwortlichen kann jederzeit beim Datenverantwortlichen angefordert werden.<\/p>\n\n<h3 class=\"wp-block-heading\">Der Ort<\/h3>\n\n<p>Die Daten werden an den Betriebsstandorten des Verantwortlichen und an jedem anderen Ort, an dem die am Verarbeitungsprozess beteiligten Parteien ans\u00e4ssig sind, verarbeitet. F\u00fcr weitere Informationen kontaktiere bitte den Verantwortlichen.<br\/>Die pers\u00f6nlichen Daten des Benutzers k\u00f6nnten in ein Land \u00fcbertragen werden, das sich von dem Land, in dem sich der Benutzer befindet, unterscheidet. Um weitere Informationen zum Ort der Verarbeitung zu erhalten, kann der Benutzer auf den Abschnitt mit den Details zur Verarbeitung der pers\u00f6nlichen Daten verweisen.<\/p>\n\n<h3 class=\"wp-block-heading\">Die Aufbewahrungsfrist<\/h3>\n\n<p>Wenn nicht anders angegeben in diesem Dokument, werden personenbezogene Daten f\u00fcr die Zeit behandelt und aufbewahrt, die f\u00fcr den Zweck, f\u00fcr den sie erhoben wurden, erforderlich ist, und k\u00f6nnen aufgrund gesetzlicher Verpflichtungen oder der Zustimmung der Benutzer l\u00e4nger aufbewahrt werden.<\/p>\n\n<h2 class=\"wp-block-heading\"><a><\/a>Die Zwecke der Verarbeitung der gesammelten Daten.<\/h2>\n\n<p>Die Daten des Benutzers werden erfasst, um es dem Inhaber zu erm\u00f6glichen, den Service bereitzustellen, gesetzliche Verpflichtungen zu erf\u00fcllen, auf Anfragen oder ausf\u00fchrende Ma\u00dfnahmen zu antworten, die eigenen Rechte und Interessen zu sch\u00fctzen (oder die von Benutzern oder Dritten), betr\u00fcgerische oder betr\u00fcgerische Aktivit\u00e4ten aufzudecken, sowie f\u00fcr die folgenden Zwecke: Anzeige von Inhalten von externen Plattformen und Kontaktaufnahme mit dem Benutzer.<\/p>\n\n<p>Um detaillierte Informationen \u00fcber die Zwecke der Verarbeitung und die pers\u00f6nlichen Daten, die f\u00fcr jeden Zweck verarbeitet werden, zu erhalten, kann der Benutzer auf den Abschnitt &#8222;Details zur Verarbeitung der pers\u00f6nlichen Daten&#8220; verweisen.<\/p>\n\n<h2 class=\"wp-block-heading\"><a><\/a>Details zur Verarbeitung personenbezogener Daten<\/h2>\n\n<p>Die pers\u00f6nlichen Daten werden f\u00fcr die folgenden Zwecke und unter Verwendung der folgenden Dienste gesammelt:<\/p>\n\n<h3 class=\"wp-block-heading\">Den Nutzer kontaktieren<\/h3>\n\n<h4 class=\"wp-block-heading\">Kontaktformular (diese Website)<\/h4>\n\n<p>Indem der Benutzer das Kontaktformular mit seinen Daten ausf\u00fcllt, stimmt er der Verwendung dieser Daten zur Beantwortung von Informationsanfragen, Kostenvoranschl\u00e4gen oder jeglicher anderen Art von Anfragen zu, die im Kopf des Formulars angegeben sind.<\/p>\n\n<p>Verarbeitete personenbezogene Daten: Nachname; E-Mail; Vorname; Telefonnummer.<\/p>\n\n<h3 class=\"wp-block-heading\">Anzeige von Inhalten von externen Plattformen<\/h3>\n\n<p>Diese Art von Diensten erm\u00f6glicht es, Inhalte, die auf externen Plattformen gehostet sind, direkt von den Seiten dieser Website aus anzuzeigen und mit ihnen zu interagieren.<br\/>Diese Art von Dienst kann dennoch Daten zum Web-Traffic bez\u00fcglich der Seiten sammeln, auf denen der Dienst installiert ist, auch wenn die Benutzer ihn nicht verwenden.<\/p>\n\n<h4 class=\"wp-block-heading\">Google Fonts<\/h4>\n\n<p>Google Fonts ist ein Dienst zur Anzeige von Schriftstilen, der von Google LLC oder von Google Ireland Limited betrieben wird, je nachdem, wie der Verantwortliche die Datenverarbeitung verwaltet, und der es dieser Website erm\u00f6glicht, diese Inhalte in ihren eigenen Seiten zu integrieren.<\/p>\n\n<p>Verarbeitete personenbezogene Daten: Nutzungsdaten; Tracking-Tools.<\/p>\n\n<p>Ort der Verarbeitung: United States \u2013 <a href=\"https:\/\/policies.google.com\/privacy\" target=\"_blank\" rel=\"noreferrer noopener\">Privacy Policy<\/a>; Ireland\u2013 <a href=\"https:\/\/policies.google.com\/privacy\" target=\"_blank\" rel=\"noreferrer noopener\">Privacy Policy<\/a>.<\/p>\n\n<h4 class=\"wp-block-heading\">Widget Video YouTube<\/h4>\n\n<p>YouTube ist ein Videostreaming-Dienst, der von Google LLC oder Google Ireland Limited betrieben wird, je nachdem, wie der Verantwortliche die Datenverarbeitung handhabt. Dieser Dienst erm\u00f6glicht es dieser Website, solche Inhalte in ihren eigenen Seiten zu integrieren.<\/p>\n\n<p>Verarbeitete personenbezogene Daten: Nutzungsdaten; Tracking-Tools.<\/p>\n\n<p>Ort der Verarbeitung: United States \u2013 <a href=\"https:\/\/policies.google.com\/privacy\" target=\"_blank\" rel=\"noreferrer noopener\">Privacy Policy<\/a>; Ireland\u2013 <a href=\"https:\/\/policies.google.com\/privacy\" target=\"_blank\" rel=\"noreferrer noopener\">Privacy Policy<\/a>.<\/p>\n\n<h2 class=\"wp-block-heading\"><a><\/a>Cookie Policy<\/h2>\n\n<p>Diese Website verwendet Tracking-Tools. Um mehr zu erfahren, k\u00f6nnen Benutzer die <a href=\"https:\/\/www.camminodonbosco.eu\/de\/cookie-policy\/\">Cookie-Policy<\/a> konsultieren.<\/p>\n\n<h2 class=\"wp-block-heading\"><a><\/a>Ulteriori Informationen f\u00fcr Benutzer<\/h2>\n\n<h3 class=\"wp-block-heading\">Weitere Informationen f\u00fcr Benutzer<\/h3>\n\n<p>Der Verantwortliche verarbeitet personenbezogene Daten des Benutzers, wenn eine der folgenden Bedingungen erf\u00fcllt ist:<\/p>\n\n<ul class=\"wp-block-list\">\n<li>Der Benutzer hat der Verarbeitung f\u00fcr einen oder mehrere bestimmte Zwecke zugestimmt; Hinweis: In einigen Rechtsordnungen kann es dem Verantwortlichen gestattet sein, personenbezogene Daten zu verarbeiten, ohne dass die Zustimmung des Benutzers oder eine der nachstehend angegebenen rechtlichen Grundlagen erforderlich ist, solange der Benutzer dem nicht widerspricht (&#8222;Opt-out&#8220;). Dies gilt jedoch nicht, wenn die Verarbeitung personenbezogener Daten durch die europ\u00e4ische Datenschutzgesetzgebung geregelt ist;<\/li>\n\n\n\n<li>Die Verarbeitung ist zur Erf\u00fcllung eines Vertrags mit dem Benutzer und\/oder zur Durchf\u00fchrung vorvertraglicher Ma\u00dfnahmen erforderlich;<\/li>\n\n\n\n<li>Die Verarbeitung ist erforderlich, um einer gesetzlichen Verpflichtung nachzukommen, der der Verantwortliche unterliegt;<\/li>\n\n\n\n<li>Die Verarbeitung ist zur Erf\u00fcllung einer Aufgabe von \u00f6ffentlichem Interesse oder zur Aus\u00fcbung \u00f6ffentlicher Gewalt erforderlich, die dem Verantwortlichen \u00fcbertragen wurde;<\/li>\n\n\n\n<li>Die Verarbeitung ist zur Verfolgung der berechtigten Interessen des Verantwortlichen oder Dritter erforderlich.<\/li>\n<\/ul>\n\n<p>Es ist jedoch jederzeit m\u00f6glich, den Verantwortlichen aufzufordern, die konkrete rechtliche Grundlage f\u00fcr jede Verarbeitung zu kl\u00e4ren, insbesondere um anzugeben, ob die Verarbeitung auf dem Gesetz beruht, in einem Vertrag vorgesehen ist oder zur Erf\u00fcllung eines Vertrags erforderlich ist.<\/p>\n\n<h3 class=\"wp-block-heading\">Weitere Informationen zur Aufbewahrungsdauer<\/h3>\n\n<p>Wenn nicht anders angegeben in diesem Dokument, werden personenbezogene Daten f\u00fcr die Zeit behandelt und aufbewahrt, die f\u00fcr den Zweck, f\u00fcr den sie erhoben wurden, erforderlich ist, und k\u00f6nnen aufgrund gesetzlicher Verpflichtungen oder der Zustimmung der Benutzer l\u00e4nger aufbewahrt werden.<\/p>\n\n<p>Daher:<\/p>\n\n<ul class=\"wp-block-list\">\n<li>Die f\u00fcr Zwecke im Zusammenhang mit der Ausf\u00fchrung eines Vertrags zwischen dem Verantwortlichen und dem Benutzer erhobenen personenbezogenen Daten werden so lange aufbewahrt, bis die Ausf\u00fchrung dieses Vertrags abgeschlossen ist.<\/li>\n\n\n\n<li>Personenbezogene Daten, die f\u00fcr Zwecke erhoben werden, die dem berechtigten Interesse des f\u00fcr die Verarbeitung Verantwortlichen zuzurechnen sind, werden so lange aufbewahrt, bis dieses Interesse erf\u00fcllt ist. Der Nutzer kann in den entsprechenden Abschnitten dieses Dokuments oder durch Kontaktaufnahme mit dem f\u00fcr die Verarbeitung Verantwortlichen weitere Informationen \u00fcber das von diesem verfolgte berechtigte Interesse erhalten.<\/li>\n<\/ul>\n\n<p>Beruht die Verarbeitung auf der Einwilligung des Nutzers, kann der f\u00fcr die Verarbeitung Verantwortliche die personenbezogenen Daten l\u00e4nger aufbewahren, bis die Einwilligung widerrufen wird. Dar\u00fcber hinaus kann der f\u00fcr die Verarbeitung Verantwortliche aufgrund einer gesetzlichen Verpflichtung oder einer beh\u00f6rdlichen Anordnung verpflichtet sein, personenbezogene Daten f\u00fcr einen l\u00e4ngeren Zeitraum aufzubewahren.<br\/><br\/>Nach Ablauf der Aufbewahrungsfrist werden die personenbezogenen Daten gel\u00f6scht. Nach Ablauf dieser Frist k\u00f6nnen daher das Recht auf Auskunft, L\u00f6schung, Berichtigung und das Recht auf Daten\u00fcbertragbarkeit nicht mehr ausge\u00fcbt werden.<\/p>\n\n<h3 class=\"wp-block-heading\"><a><\/a>Nutzerrechte<\/h3>\n\n<p>Die Nutzer k\u00f6nnen bestimmte Rechte in Bezug auf die von dem f\u00fcr die Verarbeitung Verantwortlichen verarbeiteten Daten aus\u00fcben.<\/p>\n\n<p>Insbesondere hat der Nutzer im Rahmen der gesetzlichen Bestimmungen das Recht auf:<\/p>\n\n<ul class=\"wp-block-list\">\n<li><strong>die Zustimmung jederzeit widerrufen k\u00f6nnen.<\/strong> Der Nutzer kann seine zuvor erteilte Zustimmung zur Verarbeitung seiner personenbezogenen Daten widerrufen.<\/li>\n\n\n\n<li><strong>der Verarbeitung ihrer Daten widersprechen.<\/strong> Der Nutzer kann der Verarbeitung seiner Daten widersprechen, wenn diese auf einer anderen Rechtsgrundlage als der Einwilligung erfolgt.<\/li>\n\n\n\n<li><strong>Zugang zu ihren Daten.<\/strong> Der Nutzer hat das Recht, Informationen \u00fcber die von dem f\u00fcr die Verarbeitung Verantwortlichen verarbeiteten Daten sowie \u00fcber bestimmte Aspekte der Verarbeitung zu erhalten und eine Kopie der verarbeiteten Daten zu bekommen.<\/li>\n\n\n\n<li><strong>\u00fcberpr\u00fcfen und eine Berichtigung beantragen.<\/strong> Der Nutzer kann die Richtigkeit seiner Daten \u00fcberpr\u00fcfen und deren Aktualisierung oder Berichtigung verlangen.<\/li>\n\n\n\n<li><strong>eine Einschr\u00e4nkung der Verarbeitung zu erwirken.<\/strong> Der Nutzer kann die Einschr\u00e4nkung der Verarbeitung seiner Daten verlangen. In diesem Fall wird der f\u00fcr die Verarbeitung Verantwortliche die Daten nicht zu anderen Zwecken als zu ihrer Speicherung verarbeiten.<\/li>\n\n\n\n<li><strong>die L\u00f6schung oder Entfernung ihrer personenbezogenen Daten zu erwirken.<\/strong> Der Nutzer kann die L\u00f6schung seiner Daten durch den f\u00fcr die Verarbeitung Verantwortlichen beantragen.<\/li>\n\n\n\n<li><strong>ihre Daten zu erhalten oder sie an einen anderen f\u00fcr die Datenverarbeitung Verantwortlichen zu \u00fcbermitteln.<\/strong> Der Nutzer hat das Recht, seine Daten in einem strukturierten, g\u00e4ngigen und maschinenlesbaren Format zu erhalten und sie, soweit technisch m\u00f6glich, ungehindert an einen anderen f\u00fcr die Verarbeitung Verantwortlichen \u00fcbermitteln zu lassen.<\/li>\n\n\n\n<li><strong>eine Beschwerde einreichen.<\/strong> Der Nutzer kann bei der zust\u00e4ndigen Datenschutzaufsichtsbeh\u00f6rde Beschwerde einlegen oder den Rechtsweg beschreiten.<\/li>\n<\/ul>\n\n<p>Die Nutzer haben das Recht, Informationen \u00fcber die Rechtsgrundlage f\u00fcr die \u00dcbermittlung von Daten ins Ausland zu erhalten, auch an internationale Organisationen, die dem V\u00f6lkerrecht unterliegen oder aus zwei oder mehr L\u00e4ndern bestehen, wie z. B. die UNO, sowie \u00fcber die Sicherheitsma\u00dfnahmen, die der f\u00fcr die Verarbeitung Verantwortliche zum Schutz ihrer Daten ergreift.<\/p>\n\n<h4 class=\"wp-block-heading\">Einzelheiten zum Widerspruchsrecht<\/h4>\n\n<p><strong>Werden personenbezogene Daten im \u00f6ffentlichen Interesse, in Aus\u00fcbung \u00f6ffentlicher Gewalt, die dem f\u00fcr die Verarbeitung Verantwortlichen \u00fcbertragen wurde, oder in Verfolgung eines berechtigten Interesses des f\u00fcr die Verarbeitung Verantwortlichen verarbeitet, haben die Nutzer das Recht, aus Gr\u00fcnden, die sich aus ihrer besonderen Situation ergeben, Widerspruch gegen die Verarbeitung einzulegen.<\/strong><\/p>\n\n<p><strong>Die Nutzer werden darauf hingewiesen, dass sie im Falle der Verarbeitung ihrer Daten zu Zwecken des Direktmarketings jederzeit kostenlos und ohne Angabe von Gr\u00fcnden Widerspruch gegen die Verarbeitung einlegen k\u00f6nnen. Wenn die Nutzer der Verarbeitung zu Zwecken des Direktmarketings widersprechen, werden die personenbezogenen Daten nicht mehr f\u00fcr diese Zwecke verarbeitet. Um herauszufinden, ob der f\u00fcr die Datenverarbeitung Verantwortliche Daten zu Zwecken des Direktmarketings verarbeitet, k\u00f6nnen sich die Nutzer auf die entsprechenden Abschnitte dieses Dokuments beziehen.<\/strong><\/p>\n\n<h4 class=\"wp-block-heading\">Wie man Rechte wahrnimmt<\/h4>\n\n<p>Um ihre Rechte auszu\u00fcben, k\u00f6nnen die Nutzer eine Anfrage an die in diesem Dokument angegebenen Kontaktdaten des f\u00fcr die Verarbeitung Verantwortlichen richten. Der Antrag ist kostenlos, und der f\u00fcr die Verarbeitung Verantwortliche antwortet so schnell wie m\u00f6glich, auf jeden Fall innerhalb eines Monats, und stellt dem Nutzer alle gesetzlich vorgeschriebenen Informationen zur Verf\u00fcgung. Jede Berichtigung, L\u00f6schung oder Einschr\u00e4nkung der Verarbeitung wird von dem f\u00fcr die Verarbeitung Verantwortlichen allen Empf\u00e4ngern, denen die personenbezogenen Daten \u00fcbermittelt wurden, mitgeteilt, es sei denn, dies erweist sich als unm\u00f6glich oder ist mit einem unverh\u00e4ltnism\u00e4\u00dfigen Aufwand verbunden. Der f\u00fcr die Verarbeitung Verantwortliche informiert den Nutzer auf dessen Wunsch \u00fcber diese Empf\u00e4nger.<\/p>\n\n<h2 class=\"wp-block-heading\"><a><\/a>Weitere Informationen zur Behandlung<\/h2>\n\n<h3 class=\"wp-block-heading\">Verteidigung vor Gericht<\/h3>\n\n<p>Die personenbezogenen Daten des Nutzers k\u00f6nnen vom Datenverantwortlichen in Gerichtsverfahren oder in der Vorbereitungsphase solcher Verfahren verwendet werden, um sich gegen Missbrauch bei der Nutzung dieser Website oder der damit verbundenen Dienste durch den Nutzer zu wehren.<br\/>Der Nutzer erkl\u00e4rt, dass ihm bekannt ist, dass der f\u00fcr die Datenverarbeitung Verantwortliche verpflichtet sein kann, die Daten auf Anordnung von Beh\u00f6rden weiterzugeben.<\/p>\n\n<h3 class=\"wp-block-heading\">Spezifische Informationen<\/h3>\n\n<p>Auf Wunsch des Nutzers kann diese Website dem Nutzer zus\u00e4tzlich zu den in dieser Datenschutzrichtlinie enthaltenen Informationen zus\u00e4tzliche und kontextbezogene Informationen \u00fcber bestimmte Dienste oder die Erfassung und Verarbeitung personenbezogener Daten zur Verf\u00fcgung stellen.<\/p>\n\n<h3 class=\"wp-block-heading\">Systemprotokolle und Wartung<\/h3>\n\n<p>Zu Betriebs- und Wartungszwecken k\u00f6nnen diese Website und die von ihr genutzten Dienste Dritter Systemprotokolle sammeln, d. h. Dateien, die Interaktionen aufzeichnen und die auch personenbezogene Daten, wie die IP-Adresse des Nutzers, enthalten k\u00f6nnen.<\/p>\n\n<h3 class=\"wp-block-heading\">Informationen, die nicht in dieser Politik enthalten sind<\/h3>\n\n<p>Weitere Informationen im Zusammenhang mit der Verarbeitung personenbezogener Daten k\u00f6nnen jederzeit bei dem f\u00fcr die Verarbeitung Verantwortlichen unter den angegebenen Kontaktdaten angefordert werden.<\/p>\n\n<h3 class=\"wp-block-heading\">\u00c4nderungen dieser Datenschutzpolitik<\/h3>\n\n<p>Der f\u00fcr die Verarbeitung Verantwortliche beh\u00e4lt sich das Recht vor, diese Datenschutzerkl\u00e4rung jederzeit zu \u00e4ndern, indem er die Nutzer auf dieser Seite und, wenn m\u00f6glich, auf dieser Website benachrichtigt, sowie, wenn technisch und rechtlich m\u00f6glich, indem er den Nutzern eine Mitteilung \u00fcber eine der ihm zur Verf\u00fcgung stehenden Kontaktinformationen sendet. Bitte konsultieren Sie diese Seite daher h\u00e4ufig und achten Sie auf das Datum der letzten \u00c4nderung, das am Ende der Seite angegeben ist.<br\/><br\/>Wenn sich die \u00c4nderungen auf eine Verarbeitung auswirken, deren Rechtsgrundlage die Einwilligung ist, holt der f\u00fcr die Verarbeitung Verantwortliche erforderlichenfalls erneut die Einwilligung des Nutzers ein.<\/p>\n\n<h3 class=\"wp-block-heading\"><a><\/a> Definitionen und rechtliche Hinweise<\/h3>\n\n<h4 class=\"wp-block-heading\">Personenbezogene Daten (oder Daten)<\/h4>\n\n<p>Personenbezogene Daten sind alle Informationen, die direkt oder indirekt, auch in Verbindung mit anderen Informationen, einschlie\u00dflich einer pers\u00f6nlichen Identifikationsnummer, eine nat\u00fcrliche Person identifizierbar oder identifizierbar machen.<\/p>\n\n<h4 class=\"wp-block-heading\">Verwendungsdaten<\/h4>\n\n<p>Dabei handelt es sich um Informationen, die automatisch \u00fcber diese Website (einschlie\u00dflich der in diese Website integrierten Anwendungen Dritter) erfasst werden, darunter: IP-Adressen oder Dom\u00e4nennamen der Computer, die vom Benutzer verwendet werden, der eine Verbindung zu dieser Website herstellt, URI (Uniform Resource Identifier)-Notationsadressen, die Uhrzeit der Anfrage, die zur Weiterleitung der Anfrage an den Server verwendete Methode, die Gr\u00f6\u00dfe der als Antwort erhaltenen Datei, der Zahlencode, der den Status der Serverantwort angibt (erfolgreich, Fehler usw.), das Herkunftsland, die Merkmale des vom Besucher verwendeten Browsers und Betriebssystems, die verschiedenen zeitlichen Zusammenh\u00e4nge des Besuchs (z. B. die auf jeder Seite verbrachte Zeit) und Einzelheiten der vom Benutzer zur\u00fcckgelegten Strecke. ), das Herkunftsland, die Merkmale des vom Besucher verwendeten Browsers und Betriebssystems, die verschiedenen zeitlichen Aspekte des Besuchs (z. B. die auf jeder Seite verbrachte Zeit) und die Einzelheiten der innerhalb der Anwendung verfolgten Reiseroute, insbesondere die Reihenfolge der aufgerufenen Seiten, die Parameter des Betriebssystems und die IT-Umgebung des Nutzers.<\/p>\n\n<h4 class=\"wp-block-heading\">Benutzer<\/h4>\n\n<p>Die Person, die diese Website nutzt und die, sofern nicht anders angegeben, die betroffene Person ist.<\/p>\n\n<h4 class=\"wp-block-heading\">Interessiert<\/h4>\n\n<p>Die nat\u00fcrliche Person, auf die sich die personenbezogenen Daten beziehen.<\/p>\n\n<h4 class=\"wp-block-heading\">Bearbeiter (oder Manager)<\/h4>\n\n<p>Die nat\u00fcrliche Person, die juristische Person, die \u00f6ffentliche Verwaltung und jede andere Stelle, die personenbezogene Daten im Auftrag des f\u00fcr die Verarbeitung Verantwortlichen verarbeitet, wie in dieser Datenschutzrichtlinie dargelegt.<\/p>\n\n<h4 class=\"wp-block-heading\">Datenverantwortlicher (oder Eigent\u00fcmer)<\/h4>\n\n<p>Die nat\u00fcrliche oder juristische Person, Beh\u00f6rde, Dienststelle oder sonstige Einrichtung, die allein oder gemeinsam mit anderen \u00fcber die Zwecke und Mittel der Verarbeitung personenbezogener Daten sowie \u00fcber die eingesetzten Instrumente, einschlie\u00dflich der Sicherheitsma\u00dfnahmen im Zusammenhang mit dem Betrieb und der Nutzung dieser Website, entscheidet. Der f\u00fcr die Datenverarbeitung Verantwortliche ist, sofern nicht anders angegeben, der Eigent\u00fcmer dieser Website.<\/p>\n\n<h4 class=\"wp-block-heading\">Diese Website (oder diese Anwendung)<\/h4>\n\n<p>Das Hardware- oder Softwaretool, mit dem die personenbezogenen Daten der Nutzer gesammelt und verarbeitet werden.<\/p>\n\n<h4 class=\"wp-block-heading\">Dienst<\/h4>\n\n<p>Der von dieser Website angebotene Dienst, wie in den entsprechenden Bedingungen (falls vorhanden) auf dieser Website\/Anwendung definiert.<\/p>\n\n<h4 class=\"wp-block-heading\">Europ\u00e4ische Union (oder EU)<\/h4>\n\n<p>Sofern nicht anders angegeben, gilt jede Bezugnahme auf die Europ\u00e4ische Union in diesem Dokument als Bezugnahme auf alle derzeitigen Mitgliedstaaten der Europ\u00e4ischen Union und des Europ\u00e4ischen Wirtschaftsraums.<\/p>\n\n<h4 class=\"wp-block-heading\">Cookie<\/h4>\n\n<p>Cookies sind Tracking-Tools, die aus kleinen Datenmengen bestehen, die im Browser des Nutzers gespeichert werden.<\/p>\n\n<h4 class=\"wp-block-heading\">Tracking-Tool<\/h4>\n\n<p>Tracking-Tool bezeichnet jede Technologie &#8211; z. B. Cookies, eindeutige Kennungen, Web-Beacons, eingebettete Skripte, E-Tags und Fingerabdr\u00fccke -, die es erm\u00f6glicht, den Nutzer zu verfolgen, z. B. durch Erfassung oder Speicherung von Informationen auf dem Ger\u00e4t des Nutzers.<\/p>\n\n<hr class=\"wp-block-separator has-alpha-channel-opacity\"\/>\n\n<h4 class=\"wp-block-heading\">Rechtliche Hinweise<\/h4>\n\n<p>Sofern nicht anders angegeben, bezieht sich diese Datenschutzrichtlinie ausschlie\u00dflich auf diese Website.<\/p>\n\n<p>Letzte \u00c4nderung: 10. Januar 2024<\/p>\n","protected":false},"excerpt":{"rendered":"<p>Diese Website erfasst einige personenbezogene Daten ihrer Nutzer. Dieses Dokument kann mithilfe des Druckbefehls in den Einstellungen eines beliebigen Browsers gedruckt werden. Der Datenverarbeiter Associazione Sportiva DilettantisticaNORDIC WALKING ANDRATEPiazza Fraschetto10010 &#8211; Andrate (TO) E-Mail-Adresse des Verantwortlichen: info@camminodonbosco.eu Arten von gesammelten Daten Unter den pers\u00f6nlichen Daten, die von dieser Website gesammelt werden, entweder eigenst\u00e4ndig oder durch [&hellip;]<\/p>\n","protected":false},"author":1,"featured_media":0,"parent":0,"menu_order":0,"comment_status":"closed","ping_status":"closed","template":"","meta":{"footnotes":""},"class_list":["post-6169","page","type-page","status-publish","hentry"],"_links":{"self":[{"href":"https:\/\/www.camminodonbosco.eu\/de\/wp-json\/wp\/v2\/pages\/6169","targetHints":{"allow":["GET"]}}],"collection":[{"href":"https:\/\/www.camminodonbosco.eu\/de\/wp-json\/wp\/v2\/pages"}],"about":[{"href":"https:\/\/www.camminodonbosco.eu\/de\/wp-json\/wp\/v2\/types\/page"}],"author":[{"embeddable":true,"href":"https:\/\/www.camminodonbosco.eu\/de\/wp-json\/wp\/v2\/users\/1"}],"replies":[{"embeddable":true,"href":"https:\/\/www.camminodonbosco.eu\/de\/wp-json\/wp\/v2\/comments?post=6169"}],"version-history":[{"count":0,"href":"https:\/\/www.camminodonbosco.eu\/de\/wp-json\/wp\/v2\/pages\/6169\/revisions"}],"wp:attachment":[{"href":"https:\/\/www.camminodonbosco.eu\/de\/wp-json\/wp\/v2\/media?parent=6169"}],"curies":[{"name":"wp","href":"https:\/\/api.w.org\/{rel}","templated":true}]}}