{"id":5178,"date":"2022-06-30T15:10:09","date_gmt":"2022-06-30T13:10:09","guid":{"rendered":"https:\/\/www.camminodonbosco.eu\/desde-la-abadia-de-vezzolano-hasta-el-colle-don-bosco\/"},"modified":"2024-02-21T21:59:24","modified_gmt":"2024-02-21T20:59:24","slug":"desde-la-abadia-de-vezzolano-hasta-el-colle-don-bosco","status":"publish","type":"page","link":"https:\/\/www.camminodonbosco.eu\/es\/desde-la-abadia-de-vezzolano-hasta-el-colle-don-bosco\/","title":{"rendered":"Desde la Abad\u00eda de Vezzolano hasta el Colle Don Bosco"},"content":{"rendered":"\n<p><em>Caminando entre vi\u00f1edos y bosques en las Tierras de los Santos, para luego atravesar Castelnuovo Don Bosco y llegar al Colle siguiendo el sendero de San Domenico Savio. Esta etapa es una de las m\u00e1s hermosas del Camino.<\/em><\/p>\n\n<div style=\"height:20px\" aria-hidden=\"true\" class=\"wp-block-spacer\"><\/div>\n\n<h2 class=\"wp-block-heading\">Notas t\u00e9cnicas<\/h2>\n\n<p><strong>Partida<\/strong>: Abad\u00eda de Vezzolano (426 m)<br\/><strong>Llegada<\/strong>: Colle Don Bosco (245 m)<br\/><strong>Longitud<\/strong>: 16,2 km<br\/><strong>Desnivel<\/strong>: 310 m<br\/><strong>Dificultad<\/strong>: excursi\u00f3n, con descenso inicial y un recorrido ligeramente ondulado despu\u00e9s<br\/><strong>Puntos de descanso<\/strong>: posibilidad de descanso en el \u00e1rea de la Canonica de Vezzolano, en Castelnuovo Don Bosco y en Albugnano<br\/><strong>Agua<\/strong>: en Castelnuovo Don Bosco (Casetta H2O en la plaza Italia, fuentes en la calle Monsignor Bertagna y en la calle Valdocco), en Mondonio (plaza San Sebastiano), en Morialdo (Oasis de espiritualidad frente a la Iglesia de San Pietro) y 3 fuentes en Colle Don Bosco<\/p>\n\n<div style=\"height:20px\" aria-hidden=\"true\" class=\"wp-block-spacer\"><\/div>\n\n<h2 class=\"wp-block-heading\">Descripci\u00f3n<\/h2>\n\n<p>Al terminar la visita a la Canonica, regresa hacia el Colle della Crocetta para tomar a la izquierda el Sendero n. 101 que desciende bastante empinado hacia Castelnuovo Don Bosco, que en este punto est\u00e1 a poco m\u00e1s de 5,5 km. Contin\u00faa bajando a trav\u00e9s de los bosques por el estrecho sendero, cruzando el R\u00edo de Nevissano, pasando por un pilar votivo y llegando a Ca di Liso en el valle de Nevissano: aqu\u00ed, omite el camino asfaltado a la derecha que lleva a la aldea Bardella para continuar descendiendo hacia la encantadora Capilla de San Miguel Arc\u00e1ngel (siglo XVIII) que se encuentra en una peque\u00f1a colina. Superando primero un ejemplar secular de espino, \u00fanico por sus inusuales dimensiones, luego las Casas Tarantino, se llega a la Iglesia de Santa Mar\u00eda en Cornareto (del siglo XII, con remodelaciones posteriores y reconstrucci\u00f3n completa en 1984), ubicada en una colina opuesta a San Miguel, con una vista panor\u00e1mica extraordinaria. Entre magn\u00edficos vi\u00f1edos donde predomina el Malvas\u00eda, contin\u00faa hacia el valle para llegar r\u00e1pidamente, con un \u00faltimo tramo algo comprometido que requiere atenci\u00f3n y precauci\u00f3n especialmente en caso de suelo h\u00famedo, a la Iglesia de Sant&#8217;Eusebio (siglos XII-XVII), en la SP16 hacia Berzano    <em>(en caso de mal tiempo, puede ser preferible seguir una ruta alternativa para la primera parte de la etapa: desde Colle della Crocetta, baja a la derecha, para luego mantenerse a la izquierda 300 metros despu\u00e9s y seguir primero el sendero y luego el camino durante 1300 metros. Al llegar a las casas de Pogliano, sigue recto cruzando la aldea y luego gira a la izquierda en el sendero aproximadamente a 400 metros del cruce. Sigue el sendero durante unos 500 metros, hasta cruzar la carretera asfaltada del Lis y sigue recto en el camino principal, llegando pronto a Ca di Liso y a la Capilla de San Miguel Arc\u00e1ngel).   <\/em>Luego gira a la izquierda, contin\u00faa por el pueblo de Castelnuovo a lo largo de la calle Vittorio Emanuele, para llegar a la plaza Don Bosco. Desde aqu\u00ed comienza una subida en zigzag que sigue por la calle Mercadillo, llega a la Iglesia de Sant&#8217;Andrea dej\u00e1ndola a la derecha y contin\u00faa por la calle Madonna del Castello (junto a la iglesia barroca hom\u00f3nima al lado de la torre remodelada del antiguo castillo) hasta la Iglesia de San Sebastiano, donde toma a la derecha subiendo por la antigua carretera hacia Albugnano. Sigue recto y despu\u00e9s de pasar las iglesias de Madonna del R\u00f2ch, San Barnaba, San Pietro in Zucca (edificio blanco), gira a la derecha cerca de la Cascina Miretti, baja por un camino hacia el agriturismo I rosmarini, y luego sigue un sendero entre los vi\u00f1edos con vista panor\u00e1mica hacia Pino d&#8217;Asti. Al llegar a un grupo de granjas cerca de la aldea Ranello (a la izquierda, una hermosa vista de Mondonio), contin\u00faa recto hasta que la carretera asfaltada gira a la derecha: en este punto, en lugar de eso, debes tomar a la izquierda el sendero que se adentra en el bosque y contin\u00faa hacia algunas casas; desde aqu\u00ed baja de nuevo a la izquierda en los bordes de un bosque y las casas con jard\u00edn hasta el valle. Atraviesa los campos manteni\u00e9ndote en los bordes, llega a la SP81 y sube a Mondonio San Domenico Savio, hasta la Iglesia de San Giacomo. Despu\u00e9s baja por la calle San Rocco, pasando por la casa donde muri\u00f3 San Domenico, hasta llegar a la SP17 (plaza cerca del cementerio donde el Santo fue enterrado hasta que los Salesianos lo llevaron a la Bas\u00edlica de Mar\u00eda Auxiliadora junto a Don Bosco), despu\u00e9s de haber recorrido unos 5,5 km desde Castelnuovo. Justo despu\u00e9s de cruzar la carretera provincial, gira a la derecha en el puente, tomando el Sendero de San Domenico Savio que lleva a Morialdo con 3 km de camino llano entre campos, prados y bosques coronados por una peque\u00f1a colina al final. En Morialdo, gira a la izquierda en la SP130 (conocida como la Strada del Papa), para finalmente llegar al Colle Don Bosco (<strong>H<\/strong>) despu\u00e9s de recorrer otros 1,5 km.       <\/p>\n\n<div style=\"height:20px\" aria-hidden=\"true\" class=\"wp-block-spacer\"><\/div>\n\n<div class=\"wp-block-cover is-light\"><span aria-hidden=\"true\" class=\"wp-block-cover__background has-cyan-bluish-gray-background-color has-background-dim\"><\/span><div class=\"wp-block-cover__inner-container is-layout-flow wp-block-cover-is-layout-flow\">\n<div class=\"wp-block-group is-layout-flow wp-block-group-is-layout-flow\">\n<h2 class=\"wp-block-heading\">En los pasos de Don Bosco<\/h2>\n\n\n\n<p><strong>Colle Don Bosco <\/strong><\/p>\n\n\n\n<p>En esta colina, en el barrio Becchi de Castelnuovo d\u2019Asti, Giovanni Bosco naci\u00f3 el 16 de agosto de 1815 en una modesta granja donde ahora se encuentra el Templo de Don Bosco. Hijo de los campesinos Francesco Bosco y Margherita Occhiena, qued\u00f3 hu\u00e9rfano de padre a tan solo dos a\u00f1os y tuvo una infancia muy dif\u00edcil. A la edad de nueve a\u00f1os, tras un sue\u00f1o que le preanunciaba una vida dedicada a la asistencia espiritual de los j\u00f3venes, decidi\u00f3 convertirse en sacerdote.   <\/p>\n\n\n\n<div style=\"height:30px\" aria-hidden=\"true\" class=\"wp-block-spacer\"><\/div>\n\n\n\n<figure class=\"wp-block-gallery has-nested-images columns-default is-cropped wp-block-gallery-1 is-layout-flex wp-block-gallery-is-layout-flex\">\n<figure class=\"wp-block-image size-full\"><img fetchpriority=\"high\" decoding=\"async\" width=\"660\" height=\"495\" data-id=\"1975\" src=\"https:\/\/www.camminodonbosco.eu\/wp-content\/uploads\/2022\/07\/La-casa-di-Giovanni-Bosco.jpg\" alt=\"\" class=\"wp-image-1975\" srcset=\"https:\/\/www.camminodonbosco.eu\/wp-content\/uploads\/2022\/07\/La-casa-di-Giovanni-Bosco.jpg 660w, https:\/\/www.camminodonbosco.eu\/wp-content\/uploads\/2022\/07\/La-casa-di-Giovanni-Bosco-300x225.jpg 300w\" sizes=\"(max-width: 660px) 100vw, 660px\" \/><\/figure>\n<\/figure>\n\n\n\n<div style=\"height:30px\" aria-hidden=\"true\" class=\"wp-block-spacer\"><\/div>\n\n\n\n<p><strong>Capriglio <\/strong><\/p>\n\n\n\n<p>Lugar de nacimiento de <strong>Margherita Occhiena<\/strong> (1 de abril de 1788 &#8211; Tur\u00edn, 25 de noviembre de 1856), madre de Giovanni Bosco. En este pueblito, a 2 km de los Becchi, Giovannino asisti\u00f3 a sus primeras escuelas elementales en los inviernos de 1824 y 1825, aprendiendo a leer, escribir y realizar c\u00e1lculos. Desde 1988, a\u00f1o del centenario de la muerte del Santo y del bicentenario del nacimiento de Margherita Occhiena, se han realizado encuentros de los Occhiena, descendientes directos y no directos de mam\u00e1 Margherita, provenientes de toda Italia. Al dedicarse al    <strong>Museo Mamma Margherita,<\/strong> adem\u00e1s de los registros geneal\u00f3gicos, fotos hist\u00f3ricas de la casa natal y recuerdos de la escuela de Capriglio, se presentan al visitante las caracter\u00edsticas geol\u00f3gicas (tierra de f\u00f3siles y estratigraf\u00edas milenarias), edafol\u00f3gicas (tierras de yeso y toba) y bot\u00e1nicas del territorio (www.museomammamargherita.com. Tel. 347 7699296).<\/p>\n\n\n\n<p><strong>Castelnuovo d\u2019Asti (ahora Castelnuovo Don Bosco) <\/strong><\/p>\n\n\n\n<p>En la iglesia parroquial de Sant&#8217;Andrea, Giovanni Bosco fue bautizado, hizo su primera comuni\u00f3n en 1826, asisti\u00f3 al catecismo y, como joven sacerdote, celebr\u00f3 su primera misa solemne el 10 de junio de 1841. Tambi\u00e9n en Castelnuovo, en 1831, despu\u00e9s de dejar Morialdo tras la muerte de Don Calosso, sigui\u00f3 un curso de lat\u00edn, aloj\u00e1ndose en casa de Giovanni Roberto, sastre y m\u00fasico del pueblo que le ense\u00f1\u00f3 su oficio, al igual que el herrero Evasio Savio. Despu\u00e9s de pasar el verano en la Cascina Sussambrino, se traslad\u00f3 a Chieri.   <\/p>\n\n\n\n<p><strong>Morialdo <\/strong><\/p>\n\n\n\n<p>En 1829, Giovanni Bosco se traslad\u00f3 a vivir a la casa parroquial adosada a la iglesia de San Pietro en Morialdo (fracci\u00f3n de Castelnuovo), hu\u00e9sped de Don Calosso, a quien serv\u00eda en misa, para dedicarse al estudio del italiano y del lat\u00edn: all\u00ed permaneci\u00f3 hasta la muerte del sacerdote (noviembre de 1830). En el prado frente a la iglesia, el quincea\u00f1ero Giovanni Bosco conoci\u00f3 por primera vez a Giuseppe Cafasso, entonces cl\u00e9rigo. Poco m\u00e1s all\u00e1 est\u00e1 la casa donde la familia de Domenico Savio vivi\u00f3 de 1843 a 1853, convertida en centro salesiano para j\u00f3venes: su padre era el cantor de la iglesia y su hijo lo ayudaba a cantar. As\u00ed, en unos pocos metros cuadrados de este rinc\u00f3n del Monferrato, crecieron tres futuros santos.    <\/p>\n\n\n\n<div style=\"height:30px\" aria-hidden=\"true\" class=\"wp-block-spacer\"><\/div>\n\n\n\n<figure class=\"wp-block-gallery has-nested-images columns-default is-cropped wp-block-gallery-2 is-layout-flex wp-block-gallery-is-layout-flex\">\n<figure class=\"wp-block-image size-full\"><img decoding=\"async\" width=\"1344\" height=\"565\" data-id=\"1974\" src=\"https:\/\/www.camminodonbosco.eu\/wp-content\/uploads\/2022\/07\/La-casa-di-Domenico-Savio-a-Morialdo.jpg\" alt=\"\" class=\"wp-image-1974\" srcset=\"https:\/\/www.camminodonbosco.eu\/wp-content\/uploads\/2022\/07\/La-casa-di-Domenico-Savio-a-Morialdo.jpg 1344w, https:\/\/www.camminodonbosco.eu\/wp-content\/uploads\/2022\/07\/La-casa-di-Domenico-Savio-a-Morialdo-300x126.jpg 300w, https:\/\/www.camminodonbosco.eu\/wp-content\/uploads\/2022\/07\/La-casa-di-Domenico-Savio-a-Morialdo-1024x430.jpg 1024w, https:\/\/www.camminodonbosco.eu\/wp-content\/uploads\/2022\/07\/La-casa-di-Domenico-Savio-a-Morialdo-768x323.jpg 768w\" sizes=\"(max-width: 1344px) 100vw, 1344px\" \/><\/figure>\n<\/figure>\n\n\n\n<div style=\"height:30px\" aria-hidden=\"true\" class=\"wp-block-spacer\"><\/div>\n\n\n\n<p><strong>Tierras de los Santos <\/strong><\/p>\n\n\n\n<p>Castelnuovo d\u2019Asti vio nacer a <strong>San Giovanni Bosco<\/strong>, fundador de la Congregaci\u00f3n Salesiana y de las Hijas de Mar\u00eda Auxiliadora, a <strong>San Giuseppe Cafasso<\/strong> (15 de enero de 1811), confesor y asistente de los encarcelados, y al <strong>beato Giuseppe Allamano<\/strong> (21 de enero de 1851), fundador del Instituto de los Misioneros y de las Hermanas Misioneras de la Consolata. <strong>San Domenico Savio<\/strong>, el \u00absanto ni\u00f1o\u00bb, naci\u00f3 en San Giovanni, fracci\u00f3n de Riva presso Chieri, el 2 de abril de 1842. La <strong>beata Maddalena Caterina Morano<\/strong>, pionera de la educaci\u00f3n femenina, naci\u00f3 en Chieri el 15 de noviembre de 1847.  <\/p>\n<\/div>\n<\/div><\/div>\n\n<div style=\"height:20px\" aria-hidden=\"true\" class=\"wp-block-spacer\"><\/div>\n\n<h2 class=\"wp-block-heading\">Mapa<\/h2>\n\n<figure data-wp-context=\"{&quot;imageId&quot;:&quot;69f18d5cc3ff8&quot;}\" data-wp-interactive=\"core\/image\" data-wp-key=\"69f18d5cc3ff8\" class=\"wp-block-image size-full is-resized wp-lightbox-container\"><img decoding=\"async\" width=\"1197\" height=\"2560\" data-wp-class--hide=\"state.isContentHidden\" data-wp-class--show=\"state.isContentVisible\" data-wp-init=\"callbacks.setButtonStyles\" data-wp-on--click=\"actions.showLightbox\" data-wp-on--load=\"callbacks.setButtonStyles\" data-wp-on-window--resize=\"callbacks.setButtonStyles\" src=\"https:\/\/www.camminodonbosco.eu\/wp-content\/uploads\/2024\/01\/Tappa-3-3Var-Alto-scaled.jpg\" alt=\"\" class=\"wp-image-4992\" srcset=\"https:\/\/www.camminodonbosco.eu\/wp-content\/uploads\/2024\/01\/Tappa-3-3Var-Alto-scaled.jpg 1197w, https:\/\/www.camminodonbosco.eu\/wp-content\/uploads\/2024\/01\/Tappa-3-3Var-Alto-140x300.jpg 140w, https:\/\/www.camminodonbosco.eu\/wp-content\/uploads\/2024\/01\/Tappa-3-3Var-Alto-479x1024.jpg 479w, https:\/\/www.camminodonbosco.eu\/wp-content\/uploads\/2024\/01\/Tappa-3-3Var-Alto-768x1642.jpg 768w, https:\/\/www.camminodonbosco.eu\/wp-content\/uploads\/2024\/01\/Tappa-3-3Var-Alto-718x1536.jpg 718w, https:\/\/www.camminodonbosco.eu\/wp-content\/uploads\/2024\/01\/Tappa-3-3Var-Alto-958x2048.jpg 958w\" sizes=\"(max-width: 1197px) 100vw, 1197px\" \/><button\n\t\t\tclass=\"lightbox-trigger\"\n\t\t\ttype=\"button\"\n\t\t\taria-haspopup=\"dialog\"\n\t\t\taria-label=\"Agrandar\"\n\t\t\tdata-wp-init=\"callbacks.initTriggerButton\"\n\t\t\tdata-wp-on--click=\"actions.showLightbox\"\n\t\t\tdata-wp-style--right=\"state.imageButtonRight\"\n\t\t\tdata-wp-style--top=\"state.imageButtonTop\"\n\t\t>\n\t\t\t<svg xmlns=\"http:\/\/www.w3.org\/2000\/svg\" width=\"12\" height=\"12\" fill=\"none\" viewBox=\"0 0 12 12\">\n\t\t\t\t<path fill=\"#fff\" d=\"M2 0a2 2 0 0 0-2 2v2h1.5V2a.5.5 0 0 1 .5-.5h2V0H2Zm2 10.5H2a.5.5 0 0 1-.5-.5V8H0v2a2 2 0 0 0 2 2h2v-1.5ZM8 12v-1.5h2a.5.5 0 0 0 .5-.5V8H12v2a2 2 0 0 1-2 2H8Zm2-12a2 2 0 0 1 2 2v2h-1.5V2a.5.5 0 0 0-.5-.5H8V0h2Z\" \/>\n\t\t\t<\/svg>\n\t\t<\/button><\/figure>\n","protected":false},"excerpt":{"rendered":"<p>Caminando entre vi\u00f1edos y bosques en las Tierras de los Santos, para luego atravesar Castelnuovo Don Bosco y llegar al Colle siguiendo el sendero de San Domenico Savio. Esta etapa es una de las m\u00e1s hermosas del Camino. Notas t\u00e9cnicas Partida: Abad\u00eda de Vezzolano (426 m)Llegada: Colle Don Bosco (245 m)Longitud: 16,2 kmDesnivel: 310 mDificultad: [&hellip;]<\/p>\n","protected":false},"author":1,"featured_media":0,"parent":0,"menu_order":0,"comment_status":"closed","ping_status":"closed","template":"","meta":{"footnotes":""},"class_list":["post-5178","page","type-page","status-publish","hentry"],"_links":{"self":[{"href":"https:\/\/www.camminodonbosco.eu\/es\/wp-json\/wp\/v2\/pages\/5178","targetHints":{"allow":["GET"]}}],"collection":[{"href":"https:\/\/www.camminodonbosco.eu\/es\/wp-json\/wp\/v2\/pages"}],"about":[{"href":"https:\/\/www.camminodonbosco.eu\/es\/wp-json\/wp\/v2\/types\/page"}],"author":[{"embeddable":true,"href":"https:\/\/www.camminodonbosco.eu\/es\/wp-json\/wp\/v2\/users\/1"}],"replies":[{"embeddable":true,"href":"https:\/\/www.camminodonbosco.eu\/es\/wp-json\/wp\/v2\/comments?post=5178"}],"version-history":[{"count":0,"href":"https:\/\/www.camminodonbosco.eu\/es\/wp-json\/wp\/v2\/pages\/5178\/revisions"}],"wp:attachment":[{"href":"https:\/\/www.camminodonbosco.eu\/es\/wp-json\/wp\/v2\/media?parent=5178"}],"curies":[{"name":"wp","href":"https:\/\/api.w.org\/{rel}","templated":true}]}}