{"id":5230,"date":"2022-06-30T15:19:21","date_gmt":"2022-06-30T13:19:21","guid":{"rendered":"https:\/\/www.camminodonbosco.eu\/de-turin-a-pecetto-t-se\/"},"modified":"2024-01-06T18:59:49","modified_gmt":"2024-01-06T17:59:49","slug":"de-turin-a-pecetto-t-se","status":"publish","type":"page","link":"https:\/\/www.camminodonbosco.eu\/es\/de-turin-a-pecetto-t-se\/","title":{"rendered":"Desde Tur\u00edn hasta Pecetto T.se"},"content":{"rendered":"\n<p><em>Se camina a lo largo del r\u00edo y luego se llega a trav\u00e9s de la colina de Tur\u00edn al pueblo de las cerezas.<\/em><\/p>\n\n\n\n<div style=\"height:20px\" aria-hidden=\"true\" class=\"wp-block-spacer\"><\/div>\n\n\n\n<h2 class=\"wp-block-heading\">Notas t\u00e9cnicas<\/h2>\n\n\n\n<p><strong>Salida<\/strong>: Torino, piazza Maria Ausiliatrice (Santuario di Maria Ausiliatrice, 230 m)<br><strong>Llegada<\/strong>: Pecetto T.se, piazza Roma (409 m)<br><strong>Longitud<\/strong>: km 14,8<br><strong>Desnivel<\/strong>: m 492<br><strong>Dificultad<\/strong>: senderismo, con subidas intercaladas con breves tramos llanos y descenso final<br><strong>Puntos de avituallamiento<\/strong>: en Tur\u00edn hay muchas opciones para comer y comprar (especialmente en el mercado de Porta Palazzo) hasta llegar al puente Isabella. Luego, con un breve desv\u00edo, se llega al Colle della Maddalena y a Pecetto T.se.<br><strong>Agua<\/strong>: hay muchas fuentes en toda la ciudad, a lo largo del r\u00edo Po y en los parques. En Pecetto T.se hay fuentes en la Piazza Roma y en la Piazza S. Pietro, y una caseta de agua cerca del cementerio.<\/p>\n\n\n\n<div style=\"height:20px\" aria-hidden=\"true\" class=\"wp-block-spacer\"><\/div>\n\n\n\n<h2 class=\"wp-block-heading\">Descripci\u00f3n<\/h2>\n\n\n\n<p>Para la descripci\u00f3n del comienzo de la ruta, consulte la Etapa 1 del Camino Bajo. Llegue al cruce poco despu\u00e9s de la localidad de Fontana Fredda (aproximadamente a 2,8 km del Parco di San Vito). Aqu\u00ed, gire a la izquierda, ascienda hasta cruzar el Sendero n.\u00ba 12 de las Colinas de Tur\u00edn. Gire a la derecha, ascienda gradualmente, ignorando el camino a la derecha hacia Colle della Maddalena y Faro della Vittoria (Sendero GTC y Sendero n.\u00ba 31), luego, en el panel de informaci\u00f3n sobre el Anello Verde, contin\u00fae recto hacia el Eremo dei Camaldolesi (consulte la Etapa 1 del Camino Bajo), luego gire a la derecha y siga algunos zigzags hasta llegar al Sendero GTC-Sendero n.\u00ba 31. Gire a la izquierda y contin\u00fae por esta amplia pista hasta llegar a la carretera de Colle. Gire a la derecha, s\u00edgala durante aproximadamente 100 metros, luego gire a la izquierda en el bosque junto a una farola en la carretera llamada Bric della Croce (alternativamente: girar a la derecha en el camino, seguir algunos zigzags hasta llegar al camino que sube hacia Colle della Maddalena y Faro della Vittoria a lo largo de Viale Col di Lana, Via Piave, Piazzale Gorizia, Viale Bainsizza y Piazzale Timavo, con una posible parada para descansar. Desde el Faro, descienda por la carretera de Colle sigui\u00e9ndola hacia la izquierda durante 500 metros, luego gire a la derecha en la calle Bric della Croce. Esto a\u00f1ade 2 km y 215 metros de desnivel). Este \u00faltimo descenso es gradual hasta que llegue cerca de algunas casas en la carretera della Vetta. Gire a la derecha, ignore varias desviaciones (a la izquierda, cerca de una peque\u00f1a villa, el camino hacia Pera del Tesor, Bric San Viter y el sitio arqueol\u00f3gico de Monspherratus) y descienda durante 1,8 km hasta llegar a la carretera hacia el Eremo, justo despu\u00e9s de una curva que ofrece una hermosa vista panor\u00e1mica de Pecetto. Contin\u00fae recto (tenga cuidado con el tr\u00e1fico, no hay acera) y descienda hasta una iglesia en el lado izquierdo de la carretera. Contin\u00fae recto por Via Umberto I, entrando en el centro de Pecetto y llegando a la Piazza Roma.<\/p>\n\n\n\n<div style=\"height:20px\" aria-hidden=\"true\" class=\"wp-block-spacer\"><\/div>\n\n\n\n<div class=\"wp-block-cover is-light\"><span aria-hidden=\"true\" class=\"wp-block-cover__background has-cyan-bluish-gray-background-color has-background-dim\"><\/span><div class=\"wp-block-cover__inner-container is-layout-flow wp-block-cover-is-layout-flow\">\n<div class=\"wp-block-group is-layout-flow wp-block-group-is-layout-flow\">\n<h2 class=\"wp-block-heading\"><strong>Siguiendo los pasos de Don Bosco<\/strong><\/h2>\n\n\n\n<p><strong>Don Bosco en Pecetto T.se<\/strong><\/p>\n\n\n\n<p>Don Bosco mantuvo relaciones estrechas y constantes con el te\u00f3logo Michele Antonio Cinzano, originario de Pecetto, p\u00e1rroco de Castelnuovo d&#8217;Asti de 1834 a 1870. Alrededor de 1838, el entonces cl\u00e9rigo Giovanni Bosco dio un serm\u00f3n improvisado en Pecetto Torinese, seg\u00fan lo descrito por Don Cinzano: <\/p>\n\n\n\n<p>\u201c<em>All&#8217;ora del vespro, non era ancora comparso il panegirista colto da improvvisa malattia. Nessuno de&#8217; sacerdoti presenti volle sostituirlo, dicendo mancar loro il tempo necessario a prepararsi e non osare parlare al pubblico cos\u00ec all&#8217;improvviso. Il parroco disse allora al chierico Bosco: &#8211; Andate voi! Giovanni chiese allora un breviario, lesse le lezioni del giorno, sal\u00ec in pulpito e soddisfece cos\u00ec pienamente la popolazione, che alcuni degli uditori, parlando all&#8217;indomani col parroco di Castelnuovo, decantavano la bellezza del discorso e l&#8217;abilit\u00e0 del predicatore   <\/em>\u00ab.<\/p>\n<\/div>\n<\/div><\/div>\n\n\n\n<div style=\"height:20px\" aria-hidden=\"true\" class=\"wp-block-spacer\"><\/div>\n\n\n\n<h2 class=\"wp-block-heading\">Mapa<\/h2>\n\n\n\n<figure data-wp-context=\"{&quot;imageId&quot;:&quot;69f2b82f38bae&quot;}\" data-wp-interactive=\"core\/image\" data-wp-key=\"69f2b82f38bae\" class=\"wp-block-image size-full wp-lightbox-container\"><img fetchpriority=\"high\" decoding=\"async\" width=\"2522\" height=\"2310\" data-wp-class--hide=\"state.isContentHidden\" data-wp-class--show=\"state.isContentVisible\" data-wp-init=\"callbacks.setButtonStyles\" data-wp-on--click=\"actions.showLightbox\" data-wp-on--load=\"callbacks.setButtonStyles\" data-wp-on-window--resize=\"callbacks.setButtonStyles\" src=\"https:\/\/www.camminodonbosco.eu\/wp-content\/uploads\/2024\/01\/Tappa-1Var-Basso.jpg\" alt=\"\" class=\"wp-image-5022\" style=\"object-fit:cover\" srcset=\"https:\/\/www.camminodonbosco.eu\/wp-content\/uploads\/2024\/01\/Tappa-1Var-Basso.jpg 2522w, https:\/\/www.camminodonbosco.eu\/wp-content\/uploads\/2024\/01\/Tappa-1Var-Basso-300x275.jpg 300w, https:\/\/www.camminodonbosco.eu\/wp-content\/uploads\/2024\/01\/Tappa-1Var-Basso-1024x938.jpg 1024w, https:\/\/www.camminodonbosco.eu\/wp-content\/uploads\/2024\/01\/Tappa-1Var-Basso-768x703.jpg 768w, https:\/\/www.camminodonbosco.eu\/wp-content\/uploads\/2024\/01\/Tappa-1Var-Basso-1536x1407.jpg 1536w, https:\/\/www.camminodonbosco.eu\/wp-content\/uploads\/2024\/01\/Tappa-1Var-Basso-2048x1876.jpg 2048w\" sizes=\"(max-width: 2522px) 100vw, 2522px\" \/><button\n\t\t\tclass=\"lightbox-trigger\"\n\t\t\ttype=\"button\"\n\t\t\taria-haspopup=\"dialog\"\n\t\t\taria-label=\"Agrandar\"\n\t\t\tdata-wp-init=\"callbacks.initTriggerButton\"\n\t\t\tdata-wp-on--click=\"actions.showLightbox\"\n\t\t\tdata-wp-style--right=\"state.imageButtonRight\"\n\t\t\tdata-wp-style--top=\"state.imageButtonTop\"\n\t\t>\n\t\t\t<svg xmlns=\"http:\/\/www.w3.org\/2000\/svg\" width=\"12\" height=\"12\" fill=\"none\" viewBox=\"0 0 12 12\">\n\t\t\t\t<path fill=\"#fff\" d=\"M2 0a2 2 0 0 0-2 2v2h1.5V2a.5.5 0 0 1 .5-.5h2V0H2Zm2 10.5H2a.5.5 0 0 1-.5-.5V8H0v2a2 2 0 0 0 2 2h2v-1.5ZM8 12v-1.5h2a.5.5 0 0 0 .5-.5V8H12v2a2 2 0 0 1-2 2H8Zm2-12a2 2 0 0 1 2 2v2h-1.5V2a.5.5 0 0 0-.5-.5H8V0h2Z\" \/>\n\t\t\t<\/svg>\n\t\t<\/button><\/figure>\n","protected":false},"excerpt":{"rendered":"<p>Se camina a lo largo del r\u00edo y luego se llega a trav\u00e9s de la colina de Tur\u00edn al pueblo de las cerezas. Notas t\u00e9cnicas Salida: Torino, piazza Maria Ausiliatrice (Santuario di Maria Ausiliatrice, 230 m)Llegada: Pecetto T.se, piazza Roma (409 m)Longitud: km 14,8Desnivel: m 492Dificultad: senderismo, con subidas intercaladas con breves tramos llanos y [&hellip;]<\/p>\n","protected":false},"author":1,"featured_media":0,"parent":0,"menu_order":0,"comment_status":"closed","ping_status":"closed","template":"","meta":{"footnotes":""},"class_list":["post-5230","page","type-page","status-publish","hentry"],"_links":{"self":[{"href":"https:\/\/www.camminodonbosco.eu\/es\/wp-json\/wp\/v2\/pages\/5230","targetHints":{"allow":["GET"]}}],"collection":[{"href":"https:\/\/www.camminodonbosco.eu\/es\/wp-json\/wp\/v2\/pages"}],"about":[{"href":"https:\/\/www.camminodonbosco.eu\/es\/wp-json\/wp\/v2\/types\/page"}],"author":[{"embeddable":true,"href":"https:\/\/www.camminodonbosco.eu\/es\/wp-json\/wp\/v2\/users\/1"}],"replies":[{"embeddable":true,"href":"https:\/\/www.camminodonbosco.eu\/es\/wp-json\/wp\/v2\/comments?post=5230"}],"version-history":[{"count":0,"href":"https:\/\/www.camminodonbosco.eu\/es\/wp-json\/wp\/v2\/pages\/5230\/revisions"}],"wp:attachment":[{"href":"https:\/\/www.camminodonbosco.eu\/es\/wp-json\/wp\/v2\/media?parent=5230"}],"curies":[{"name":"wp","href":"https:\/\/api.w.org\/{rel}","templated":true}]}}