{"id":5605,"date":"2022-07-04T14:42:43","date_gmt":"2022-07-04T12:42:43","guid":{"rendered":"https:\/\/www.camminodonbosco.eu\/les-anneaux-de-pecetto-torinese\/"},"modified":"2024-01-07T10:36:52","modified_gmt":"2024-01-07T09:36:52","slug":"les-anneaux-de-pecetto-torinese","status":"publish","type":"page","link":"https:\/\/www.camminodonbosco.eu\/fr\/les-anneaux-de-pecetto-torinese\/","title":{"rendered":"Les Anneaux de Pecetto Torinese"},"content":{"rendered":"\n<h2 class=\"wp-block-heading\">ANNEAUX A, B et C<\/h2>\n\n<p><strong>D\u00e9part et arriv\u00e9e<\/strong> AgricooPecetto &#8211; Strada Sabena, 78 &#8211; Pecetto T.se (si vous utilisez un navigateur : strada Virana)<br\/><strong>Difficult\u00e9<\/strong> de randonn\u00e9e, parcours faciles de plat \u00e0 vallonn\u00e9<br\/><strong>Eau<\/strong> disponible \u00e0 Agricoopecetto, Casetta H2O pr\u00e8s du cimeti\u00e8re et fontaines sur la place Roma et la place S. Pietro \u00e0 Pecetto<\/p>\n\n<div style=\"height:100px\" aria-hidden=\"true\" class=\"wp-block-spacer\"><\/div>\n\n<h2 class=\"has-vivid-green-cyan-color has-text-color wp-block-heading\">ANNEAU A ou ANNEAU DU PALEOPO<\/h2>\n\n<p><strong>Longueur<\/strong> environ 7,5 km <strong>D\u00e9nivel\u00e9<\/strong> positif de +131 m<\/p>\n\n<div style=\"height:30px\" aria-hidden=\"true\" class=\"wp-block-spacer\"><\/div>\n\n<p>Depuis <strong>AgricooPecetto<\/strong>, tournez \u00e0 droite sur la strada Virana, puis encore \u00e0 droite apr\u00e8s 150 m\u00e8tres. Suivez la route qui tourne \u00e0 gauche apr\u00e8s 100 m\u00e8tres pour rejoindre la SP125 apr\u00e8s 130 m\u00e8tres suppl\u00e9mentaires. Traversez avec prudence pour continuer sur la <strong>strada della Ciattalina<\/strong>. Une fois que vous avez atteint un petit pont, tournez imm\u00e9diatement \u00e0 droite en suivant l&rsquo;interpoderale (<strong>Cammino Don Bosco<\/strong>) pendant 300 m\u00e8tres, puis tournez \u00e0 gauche, puis \u00e0 droite 100 m\u00e8tres plus loin. Montez environ 500 m\u00e8tres (d&rsquo;abord sur un chemin de terre, puis sur de l&rsquo;asphalte) pour rejoindre <strong>Via San Felice<\/strong> pr\u00e8s d&rsquo;une p\u00e9pini\u00e8re. Tournez \u00e0 gauche (attention \u00e0 la circulation) puis continuez \u00e0 droite apr\u00e8s 200 m\u00e8tres sur <strong>Via Solairano<\/strong>. Montez jusqu&rsquo;\u00e0 ce que vous atteigniez <strong>Via del Podio<\/strong> apr\u00e8s 550 m\u00e8tres. Tournez \u00e0 droite et continuez sur 1,2 km, puis tournez \u00e0 droite sur le chemin de terre lorsque la route tourne \u00e0 gauche, juste avant l&rsquo;intersection avec la route de la Moglia. Suivez le chemin de terre pendant environ 200 m\u00e8tres, en passant un autre petit pont, jusqu&rsquo;\u00e0 ce que vous atteigniez la SP125. Contournez la petite \u00e9glise et traversez avec prudence pour continuer \u00e0 monter sur la <strong>route Tetti Marsino<\/strong> (nous sommes \u00e0 3,8 km du d\u00e9part, avec une vue panoramique sur Villa Brea). Laissez la Cascina Matin\u00e8 sur votre droite et suivez le chemin de terre pendant 800 m\u00e8tres, puis tournez \u00e0 droite au croisement (1) sur la <strong>route Tetti Rocco<\/strong> (vue magnifique sur la plaine et les Alpes), en continuant pendant 800 m\u00e8tres le long du mur de la Villa Passatempo jusqu&rsquo;\u00e0 ce que vous atteigniez la SP123. Tournez \u00e0 droite et continuez pendant 600 m\u00e8tres (attention \u00e0 la circulation), puis tournez \u00e0 gauche sur le chemin de terre (au niveau du coin du mur d&rsquo;enceinte de la <strong>Villa Passatempo<\/strong>) apr\u00e8s avoir parcouru 6 km depuis le d\u00e9part. Suivez le sentier jusqu&rsquo;\u00e0 arriver dans la             <strong>vall\u00e9e de Vaiors<\/strong> (Meandro San Felice <strong>sur votre gauche,<\/strong>avec vue sur Pecetto et la colline de Turin, ainsi que l&rsquo;ermitage), et ignorez le virage \u00e0 gauche pour continuer tout droit. Traversez le Rio Vajors apr\u00e8s 500 m\u00e8tres et <strong>montez \u00e0 droite <\/strong>pour traverser un pr\u00e9 et reprendre le sentier. Continuez toujours tout droit entre les vergers de fruits (cerisiers, abricotiers, pruniers, pommiers, figuiers), les serres et les ruches, et arrivez sur la Strada Sabena apr\u00e8s 700 m\u00e8tres du gu\u00e9. Tournez \u00e0 droite pour rejoindre AgricooPecetto apr\u00e8s avoir parcouru 7,5 km.  <\/p>\n\n<div style=\"height:30px\" aria-hidden=\"true\" class=\"wp-block-spacer\"><\/div>\n\n<p><em>Les d\u00e9p\u00f4ts alluviaux limoneux et argileux de la <strong>relique du Meandro San Felice<\/strong> remontent \u00e0 la premi\u00e8re partie du Pl\u00e9istoc\u00e8ne moyen (correspondant \u00e0 une p\u00e9riode post\u00e9rieure \u00e0 environ 781 000 ans), t\u00e9moignant de la formation de la rivi\u00e8re ancienne (<strong>paleo-Po<\/strong>) lorsqu&rsquo;elle s&rsquo;\u00e9coulait au sud de la colline de Turin, se dirigeant vers l&rsquo;est \u00e0 travers les reliefs de la r\u00e9gion d&rsquo;Asti.<\/em><\/p>\n\n<div style=\"height:30px\" aria-hidden=\"true\" class=\"wp-block-spacer\"><\/div>\n\n<p><em>Le nom du <strong>Rio Vajors<\/strong> (d\u00e9riv\u00e9 de \u00ab\u00a0Ij ri dj&rsquo;\u00f2ss\u00a0\u00bb, qui signifie \u00ab\u00a0le ruisseau des os\u00a0\u00bb en pi\u00e9montais) est d\u00fb au grand nombre de soldats angevins tomb\u00e9s pr\u00e8s de cette rivi\u00e8re lors de la bataille de Gemenario en 1345, lors de laquelle le Marquis de Monferrat a combattu contre Roberto d&rsquo;Anjou.<\/em><\/p>\n\n<div style=\"height:30px\" aria-hidden=\"true\" class=\"wp-block-spacer\"><\/div>\n\n<p><em>La Villa <strong>Il Passatempo delle Dame di Verrua<\/strong> a \u00e9t\u00e9 construite \u00e0 la fin du 17e si\u00e8cle. Le b\u00e2timent, entour\u00e9 d&rsquo;un parc centenaire avec des all\u00e9es bord\u00e9es de ch\u00eanes, de peupliers, de cypr\u00e8s, de c\u00e8dres et de plans d&rsquo;eau, r\u00e9v\u00e8le dans ses lignes \u00e0 la fois harmonieuses et strictes le go\u00fbt n\u00e9oclassique de l&rsquo;\u00e9poque. Un escalier \u00e0 rampes sym\u00e9triques m\u00e8ne \u00e0 l&rsquo;\u00e9tage noble, avec une salle d&rsquo;honneur d\u00e9cor\u00e9e d&rsquo;une imposante vasque en marbre, une grande chemin\u00e9e rev\u00eatue de c\u00e9ramiques des anciennes fabriques pi\u00e9montaises et une majestueuse sculpture en bois repr\u00e9sentant la bataille de Vienne en 1683.  <\/em><\/p>\n\n<div style=\"height:100px\" aria-hidden=\"true\" class=\"wp-block-spacer\"><\/div>\n\n<h2 class=\"has-vivid-cyan-blue-color has-text-color wp-block-heading\">ANNEAU B<\/h2>\n\n<p><strong>Longueur<\/strong> environ 8,75 km <strong>D\u00e9nivel\u00e9<\/strong> + 190 m Difficult\u00e9 de randonn\u00e9e<\/p>\n\n<p>Suivez la description de l&rsquo;Anneau A jusqu&rsquo;au croisement (1) sur la <strong>route Tetti Rocco<\/strong>, puis continuez tout droit pendant 650 m\u00e8tres jusqu&rsquo;au croisement sur la <strong>route del Vibernone<\/strong>, en tournant \u00e0 droite. Continuez pendant 1,1 km en ignorant la d\u00e9viation sur la route Molino jusqu&rsquo;\u00e0 ce que vous atteigniez la SP123. Tournez \u00e0 gauche sur la SP et parcourez 280 m\u00e8tres (attention \u00e0 la circulation), puis tournez \u00e0 droite au croisement (2) sur le chemin de terre pr\u00e8s du panneau Establo), \u00e0 suivre pendant 500 m\u00e8tres en d\u00e9passant le b\u00e2timent, puis pendant 400 m\u00e8tres en traversant le Rio Vajors pour atteindre un croisement. Tournez \u00e0 gauche ici, en ignorant l&rsquo;interpoderale vers la noiseraie. Montez jusqu&rsquo;\u00e0 ce que vous atteigniez le chemin plat de la <strong>route Bricco<\/strong> (<strong>Blu Way<\/strong>). Apr\u00e8s 130 m\u00e8tres, vous arriverez sur la <strong>Strada Sabena<\/strong>, o\u00f9 vous tournerez \u00e0 droite pour rejoindre <strong>AgricooPecetto<\/strong> apr\u00e8s avoir parcouru 4,15 km depuis le croisement (1) et 8,75 km depuis le d\u00e9part.     <\/p>\n\n<div style=\"height:100px\" aria-hidden=\"true\" class=\"wp-block-spacer\"><\/div>\n\n<h2 class=\"has-luminous-vivid-amber-color has-text-color wp-block-heading\">ANNEAU C<\/h2>\n\n<p><strong>Longueur<\/strong> environ 10,90 km <strong>D\u00e9nivel\u00e9<\/strong> + 190 m Difficult\u00e9 de randonn\u00e9e<\/p>\n\n<p>Suivez la description de l&rsquo;Anneau B jusqu&rsquo;au croisement (2), puis continuez pendant 330 m\u00e8tres sur la SP123 jusqu&rsquo;au hameau de <strong>Madonna della Scala.<\/strong> Tournez \u00e0 droite sur la <strong>route Cassano<\/strong> en ignorant la d\u00e9viation \u00e0 gauche (route Pignani), puis prenez le chemin de terre (sentier n\u00b0 260) apr\u00e8s 670 m\u00e8tres. Continuez pendant 1,15 km (avec de belles vues panoramiques) jusqu&rsquo;\u00e0 ce que vous atteigniez la <strong>Strada Sabena<\/strong>, puis rejoignez <strong>AgricooPecetto<\/strong> apr\u00e8s encore 680 m\u00e8tres.   <\/p>\n\n<div style=\"height:100px\" aria-hidden=\"true\" class=\"wp-block-spacer\"><\/div>\n\n<h2 class=\"has-vivid-red-color has-text-color wp-block-heading\">PARCOURS D &#8211; PARCOURS ARCH\u00c9OLOGIQUE DU BRIC SAN VITER<\/h2>\n\n<p><strong>D\u00e9part et arriv\u00e9e<\/strong> \u00e0 la Chapelle de San Grato &#8211; Via Circonvallazione, 2 &#8211; Pecetto T.se<br\/><strong>Longueur<\/strong> environ 5 km <strong>D\u00e9nivel\u00e9<\/strong> + 206 m Difficult\u00e9 de randonn\u00e9e<\/p>\n\n<div style=\"height:30px\" aria-hidden=\"true\" class=\"wp-block-spacer\"><\/div>\n\n<p>Suivez le Cammino Don Bosco depuis la <strong>Chapelle de San Grato<\/strong> d&rsquo;abord le long de <strong>Via Eremo<\/strong>, puis sur <strong>Via Allason<\/strong>. Apr\u00e8s environ 900 m\u00e8tres depuis le d\u00e9part, au croisement de Via Allason 9\/82, tournez \u00e0 droite sur la <strong>route de la Vetta<\/strong> en suivant les indications du sentier Sentiero 32. Apr\u00e8s une premi\u00e8re mont\u00e9e raide sur asphalte, le sentier p\u00e9n\u00e8tre dans la for\u00eat avec des ch\u00e2taigniers, des robiniers, des ch\u00eanes et des \u00e9rables, jusqu&rsquo;\u00e0 atteindre la \u00ab\u00a0<em><strong>Pera del Tesor<\/strong><\/em>\u00ab\u00a0, un grand rocher \u00e9mergent de plus d&rsquo;un m\u00e8tre du sol, autrefois consid\u00e9r\u00e9 comme le gardien d&rsquo;un tr\u00e9sor et un propitiatoire de la fertilit\u00e9. Juste apr\u00e8s, arriv\u00e9 \u00e0 une intersection, tournez \u00e0 droite le long de la cr\u00eate (sentier Sentiero 32), puis encore \u00e0 droite au prochain croisement et imm\u00e9diatement \u00e0 gauche (panneaux d&rsquo;information sur le site arch\u00e9ologique). Montez dans la for\u00eat de ch\u00e2taigniers et de ch\u00eanes jusqu&rsquo;\u00e0 la vaste sommit\u00e9 du <strong>Bric San Viter<\/strong> (<strong>Sito archeologico di <\/strong><em><strong>Monspheratus<\/strong><\/em>).    <\/p>\n\n<p>Retour \u00e0 la Chapelle de S. Grato en empruntant le m\u00eame chemin.<\/p>\n\n<div style=\"height:30px\" aria-hidden=\"true\" class=\"wp-block-spacer\"><\/div>\n\n<p><em>Sur <strong>le site arch\u00e9ologique de Monspheratus ou du Bric San Viter<\/strong>, attribu\u00e9 \u00e0 la population celto-ligure des Taurins, des objets c\u00e9ramiques, lithiques et m\u00e9talliques ont \u00e9t\u00e9 d\u00e9couverts, dont certains sont expos\u00e9s au Mus\u00e9e des Antiquit\u00e9s de Turin. Ces objets remontent aux diff\u00e9rentes phases de la vie du site, de l&rsquo;\u00e2ge du fer (V-IIIe si\u00e8cle av. J.-C.) jusqu&rsquo;\u00e0 l&rsquo;\u00e9poque du bas Moyen \u00c2ge. La stratigraphie du sol a r\u00e9v\u00e9l\u00e9 que les couches superpos\u00e9es permettent de distinguer les <strong>niveaux pr\u00e9historiques, romains et m\u00e9di\u00e9vaux<\/strong>. Les d\u00e9couvertes des diff\u00e9rentes \u00e9poques de \u00ab\u00a0vie\u00a0\u00bb du site qui se sont succ\u00e9d\u00e9 n&rsquo;ont pas alt\u00e9r\u00e9 les d\u00e9p\u00f4ts pr\u00e9c\u00e9dents.  <\/em><\/p>\n\n<div style=\"height:100px\" aria-hidden=\"true\" class=\"wp-block-spacer\"><\/div>\n\n<figure class=\"wp-block-image size-full is-resized\"><img fetchpriority=\"high\" decoding=\"async\" src=\"https:\/\/www.camminodonbosco.eu\/wp-content\/uploads\/2022\/03\/ANELLO-2_Pecetto-T.se_.jpg\" alt=\"\" class=\"wp-image-705\" width=\"1920\" height=\"1360\" srcset=\"https:\/\/www.camminodonbosco.eu\/wp-content\/uploads\/2022\/03\/ANELLO-2_Pecetto-T.se_.jpg 1920w, https:\/\/www.camminodonbosco.eu\/wp-content\/uploads\/2022\/03\/ANELLO-2_Pecetto-T.se_-300x213.jpg 300w, https:\/\/www.camminodonbosco.eu\/wp-content\/uploads\/2022\/03\/ANELLO-2_Pecetto-T.se_-1024x725.jpg 1024w, https:\/\/www.camminodonbosco.eu\/wp-content\/uploads\/2022\/03\/ANELLO-2_Pecetto-T.se_-768x544.jpg 768w, https:\/\/www.camminodonbosco.eu\/wp-content\/uploads\/2022\/03\/ANELLO-2_Pecetto-T.se_-1536x1088.jpg 1536w\" sizes=\"(max-width: 1920px) 100vw, 1920px\" \/><\/figure>\n","protected":false},"excerpt":{"rendered":"<p>ANNEAUX A, B et C D\u00e9part et arriv\u00e9e AgricooPecetto &#8211; Strada Sabena, 78 &#8211; Pecetto T.se (si vous utilisez un navigateur : strada Virana)Difficult\u00e9 de randonn\u00e9e, parcours faciles de plat \u00e0 vallonn\u00e9Eau disponible \u00e0 Agricoopecetto, Casetta H2O pr\u00e8s du cimeti\u00e8re et fontaines sur la place Roma et la place S. Pietro \u00e0 Pecetto ANNEAU A [&hellip;]<\/p>\n","protected":false},"author":1,"featured_media":0,"parent":0,"menu_order":0,"comment_status":"closed","ping_status":"closed","template":"","meta":{"footnotes":""},"class_list":["post-5605","page","type-page","status-publish","hentry"],"_links":{"self":[{"href":"https:\/\/www.camminodonbosco.eu\/fr\/wp-json\/wp\/v2\/pages\/5605","targetHints":{"allow":["GET"]}}],"collection":[{"href":"https:\/\/www.camminodonbosco.eu\/fr\/wp-json\/wp\/v2\/pages"}],"about":[{"href":"https:\/\/www.camminodonbosco.eu\/fr\/wp-json\/wp\/v2\/types\/page"}],"author":[{"embeddable":true,"href":"https:\/\/www.camminodonbosco.eu\/fr\/wp-json\/wp\/v2\/users\/1"}],"replies":[{"embeddable":true,"href":"https:\/\/www.camminodonbosco.eu\/fr\/wp-json\/wp\/v2\/comments?post=5605"}],"version-history":[{"count":0,"href":"https:\/\/www.camminodonbosco.eu\/fr\/wp-json\/wp\/v2\/pages\/5605\/revisions"}],"wp:attachment":[{"href":"https:\/\/www.camminodonbosco.eu\/fr\/wp-json\/wp\/v2\/media?parent=5605"}],"curies":[{"name":"wp","href":"https:\/\/api.w.org\/{rel}","templated":true}]}}