{"id":5629,"date":"2022-07-08T10:58:05","date_gmt":"2022-07-08T08:58:05","guid":{"rendered":"https:\/\/www.camminodonbosco.eu\/marentino\/"},"modified":"2024-01-07T11:46:39","modified_gmt":"2024-01-07T10:46:39","slug":"marentino","status":"publish","type":"page","link":"https:\/\/www.camminodonbosco.eu\/fr\/marentino\/","title":{"rendered":"Marentino"},"content":{"rendered":"\n<p><strong>Marentino<\/strong> compte environ 1 300 habitants et est situ\u00e9 \u00e0 23 km de Turin. Les premiers noyaux habit\u00e9s de Marentino &#8211; <strong>une ancienne colonie celto-ligure puis romaine<\/strong> &#8211; remontent au XIIe si\u00e8cle, comme en t\u00e9moignent la pr\u00e9sence des deux <strong>\u00e9glises romanes de Marentino et d&rsquo;Avuglione<\/strong> et le <strong>ch\u00e2teau de Vernone<\/strong>. Au XIe si\u00e8cle, le territoire de Marentino a fait l&rsquo;objet d&rsquo;un \u00e9change entre l&rsquo;abbaye de Nonantola et les comtes de Biandrate. En 1164, il a \u00e9t\u00e9 donn\u00e9 par Fr\u00e9d\u00e9ric Barberousse au vicomte de Montferrat. En 1235, Marentino est devenue partie int\u00e9grante de la R\u00e9publique de Chieri, avec laquelle elle a partag\u00e9 son destin jusqu&rsquo;\u00e0 sa soumission aux Savoie. Apr\u00e8s la cr\u00e9ation du royaume de Sardaigne, il est devenu la seigneurie des Beccaria de Marentino, des Garetti de Ferrere, des Vagnone, des Cocconato, des Montiglio, puis des comtes Ceveris, qui ont \u00e9rig\u00e9 en 1719, juste \u00e0 l&rsquo;ext\u00e9rieur du village, le ch\u00e2teau de Majolo dans le style juvarrien &#8211; leur r\u00e9sidence estivale actuelle, devenue aujourd&rsquo;hui une demeure historique r\u00e9sidentielle.     <\/p>\n\n<div style=\"height:30px\" aria-hidden=\"true\" class=\"wp-block-spacer\"><\/div>\n\n<h2 class=\"wp-block-heading\">Lieux d&rsquo;int\u00e9r\u00eat<\/h2>\n\n<p>L&rsquo;<strong>\u00e9glise romane de S. Maria dei Morti<\/strong> avec sa fa\u00e7ade en terre cuite surmont\u00e9e d&rsquo;une bifora en pierre, le ch\u0153ur qui abrite les fresques du peintre chierais Fantini (XVe si\u00e8cle). Le charmant <strong>village d&rsquo;Avuglione<\/strong> et le <strong>ch\u00e2teau du hameau de Vernone<\/strong>, transform\u00e9 en maison de repos. Les <strong>murales<\/strong> amusants et artistiques \u00ab\u00a0Marentino in rebus\u00a0\u00bb.<\/p>\n\n<p><strong>Casa Zuccala<\/strong>, une caract\u00e9ristique \u00ab\u00a0vigna\u00a0\u00bb (maison de campagne) de la r\u00e9gion de Collina Torinese, a \u00e9t\u00e9 habit\u00e9e par la famille Zuccala d\u00e8s le d\u00e9but du XVIe si\u00e8cle. Au milieu du XXe si\u00e8cle, elle a \u00e9t\u00e9 abandonn\u00e9e et est tomb\u00e9e en ruine jusqu&rsquo;\u00e0 ce que les propri\u00e9taires actuels entreprennent sa restauration en 1993. En 2001, l&rsquo;<strong>Association Culturelle \u00ab\u00a0Casa Zuccala\u00a0\u00bb<\/strong> a \u00e9t\u00e9 cr\u00e9\u00e9e et depuis 2010, elle ouvre au public la demeure historique et son jardin. <strong>Les Jardins des herbes aromatiques<\/strong> de Casa Zuccala s&rsquo;\u00e9tendent sur une superficie de 7000 m\u00e8tres carr\u00e9s et abritent une collection d&rsquo;environ <strong>1000 plantes aromatiques<\/strong> qui stimulent le plaisir du go\u00fbt et des sensations provoqu\u00e9es par leurs parfums, changeant de couleurs au fil des saisons : de la floraison du romarin et des violettes odorantes au printemps, \u00e0 celle des roses botaniques en mai et des amarantes en \u00e9t\u00e9, de la taille de la menthe en juin \u00e0 la r\u00e9colte des petits fruits et des piments forts en automne. Les amateurs de cuisine ont la possibilit\u00e9 de d\u00e9couvrir des <strong>\u00e9pices et des ar\u00f4mes venant de tous les continents.<\/strong>     <\/p>\n\n<div style=\"height:30px\" aria-hidden=\"true\" class=\"wp-block-spacer\"><\/div>\n\n<h2 class=\"wp-block-heading\">Lac d&rsquo;Arignano<\/h2>\n\n<p>Un r\u00e9servoir artificiel d&rsquo;environ 0,3 km<sup>2<\/sup> \u00e0 la fronti\u00e8re entre les communes d&rsquo;Arignano et de Marentino, c&rsquo;est le plus grand plan d&rsquo;eau de la colline turinoise. R\u00e9alis\u00e9 gr\u00e2ce au comte Paolo Remigio Costa \u00e0 partir de 1840 comme bassin de collecte d&rsquo;eau destin\u00e9e \u00e0 l&rsquo;irrigation des cultures environnantes, \u00e0 la production de glace en hiver, comme r\u00e9serve de p\u00eache et pour fournir de l&rsquo;eau aux deux moulins en aval du barrage. Le lac est aliment\u00e9 par plusieurs petits ruisseaux qui y affluent depuis la zone vallonn\u00e9e. Pr\u00e8s de la rive ouest, les comtes Costa ont cr\u00e9\u00e9 une petite \u00eele, o\u00f9 poussent aujourd&rsquo;hui de grands arbres. Actuellement, le lac d&rsquo;Arignano est essentiellement une zone humide d&rsquo;une grande valeur, abritant une faune aviaire s\u00e9dentaire et migratrice. Outre les nombreuses esp\u00e8ces d&rsquo;oiseaux, le bassin et ses rives fournissent un habitat important \u00e9galement pour les reptiles, les amphibiens et les insectes propres aux zones humides, tels que les libellules.     <\/p>\n","protected":false},"excerpt":{"rendered":"<p>Marentino compte environ 1 300 habitants et est situ\u00e9 \u00e0 23 km de Turin. Les premiers noyaux habit\u00e9s de Marentino &#8211; une ancienne colonie celto-ligure puis romaine &#8211; remontent au XIIe si\u00e8cle, comme en t\u00e9moignent la pr\u00e9sence des deux \u00e9glises romanes de Marentino et d&rsquo;Avuglione et le ch\u00e2teau de Vernone. Au XIe si\u00e8cle, le territoire [&hellip;]<\/p>\n","protected":false},"author":1,"featured_media":0,"parent":0,"menu_order":0,"comment_status":"closed","ping_status":"closed","template":"","meta":{"footnotes":""},"class_list":["post-5629","page","type-page","status-publish","hentry"],"_links":{"self":[{"href":"https:\/\/www.camminodonbosco.eu\/fr\/wp-json\/wp\/v2\/pages\/5629","targetHints":{"allow":["GET"]}}],"collection":[{"href":"https:\/\/www.camminodonbosco.eu\/fr\/wp-json\/wp\/v2\/pages"}],"about":[{"href":"https:\/\/www.camminodonbosco.eu\/fr\/wp-json\/wp\/v2\/types\/page"}],"author":[{"embeddable":true,"href":"https:\/\/www.camminodonbosco.eu\/fr\/wp-json\/wp\/v2\/users\/1"}],"replies":[{"embeddable":true,"href":"https:\/\/www.camminodonbosco.eu\/fr\/wp-json\/wp\/v2\/comments?post=5629"}],"version-history":[{"count":0,"href":"https:\/\/www.camminodonbosco.eu\/fr\/wp-json\/wp\/v2\/pages\/5629\/revisions"}],"wp:attachment":[{"href":"https:\/\/www.camminodonbosco.eu\/fr\/wp-json\/wp\/v2\/media?parent=5629"}],"curies":[{"name":"wp","href":"https:\/\/api.w.org\/{rel}","templated":true}]}}