{"id":5639,"date":"2022-07-08T11:02:31","date_gmt":"2022-07-08T09:02:31","guid":{"rendered":"https:\/\/www.camminodonbosco.eu\/pralormo\/"},"modified":"2024-01-07T12:07:00","modified_gmt":"2024-01-07T11:07:00","slug":"pralormo","status":"publish","type":"page","link":"https:\/\/www.camminodonbosco.eu\/fr\/pralormo\/","title":{"rendered":"Pralormo"},"content":{"rendered":"\n<p><strong>Pralormo<\/strong> compte environ 1 900 habitants, est situ\u00e9e \u00e0 40 km de Turin et s&rsquo;\u00e9tend sur une colline entre les contreforts du Pianalto et le d\u00e9but du Roero. Le toponyme est la synth\u00e8se de \u00ab\u00a0<em>pratum<\/em>\u00a0\u00bb et \u00ab\u00a0ulmum\u00a0\u00bb, un nom d\u00e9riv\u00e9 de la tradition lombarde de planter des arbres (ormes, ch\u00eanes, etc.) dans des endroits symboliques de l&rsquo;\u00e9tablissement. Les premi\u00e8res mentions document\u00e9es remontent \u00e0 1065, lorsque le lieu, appel\u00e9 <em>Predarolo<\/em>, a \u00e9t\u00e9 c\u00e9d\u00e9 par Adelaide de Suse \u00e0 l&rsquo;\u00e9v\u00eaque d&rsquo;Asti. Au fil des si\u00e8cles, le fief a \u00e9t\u00e9 fractionn\u00e9 \u00e0 plusieurs reprises, et divers seigneurs, f\u00e9odaux et familles (Anterisio, Desaya, Gorzano, Pelletta, Roero et &#8211; apr\u00e8s leur extinction &#8211; les Costa della Trinit\u00e0 et de Polonghera, les Petrina, les Dal Pozzo di Voghera, les Ferrero della Marmora et les Beraudo) se sont succ\u00e9d\u00e9 dans la domination de Pralormo. Deux figures importantes \u00e9mergent de l&rsquo;histoire de Pralormo : le cardinal <strong>Giovanni Battista Roero<\/strong> et le comte Carlo Beraudo di Pralormo. Le premier a \u00e9t\u00e9 \u00e9v\u00eaque d&rsquo;Acqui de 1727 \u00e0 1744, ann\u00e9e o\u00f9 il a \u00e9t\u00e9 nomm\u00e9 archev\u00eaque de Turin, puis cardinal en 1756.     <br\/>Le comte <strong>Carlo Beraudo di Pralormo<\/strong>, \u00e0 qui l&rsquo;on doit l&rsquo;unification du fief vers 1830, lorsqu&rsquo;il a achet\u00e9 les propri\u00e9t\u00e9s respectives des Roero et des La Marmora, a jou\u00e9 un r\u00f4le important dans l&rsquo;histoire de la premi\u00e8re moiti\u00e9 du XIXe si\u00e8cle. Il a commenc\u00e9 sa carri\u00e8re dans la l\u00e9gation sarde de Berlin et de Paris, avant de devenir ministre pl\u00e9nipotentiaire \u00e0 Paris et \u00e0 Vienne, puis ministre des finances, et plus tard ministre de l&rsquo;int\u00e9rieur du roi de Sardaigne, Charles-Albert. Nomm\u00e9 s\u00e9nateur en 1848, il a n\u00e9goci\u00e9 la paix de Milan avec l&rsquo;Autriche en 1849.   <\/p>\n\n<div style=\"height:30px\" aria-hidden=\"true\" class=\"wp-block-spacer\"><\/div>\n\n<h2 class=\"wp-block-heading\">Lieux d&rsquo;int\u00e9r\u00eat<\/h2>\n\n<p>L&rsquo;<strong>\u00e9glise paroissiale de San Donato<\/strong> (1931) avec un pr\u00e9cieux triptyque de Jacopino Longo (1546) r\u00e9cemment vol\u00e9. Le <strong>ch\u00e2teau m\u00e9di\u00e9val Beraudo di Pralormo<\/strong>, construit au XIIIe si\u00e8cle, avec la ferme, le magnifique parc \u00e0 l&rsquo;anglaise con\u00e7u au XIXe si\u00e8cle par Xavier Kurten, architecte de la cour et auteur des plus importants jardins des r\u00e9sidences savoyardes, l&rsquo;orangerie et la serre en verre et en fer. Depuis l&rsquo;an 2000, le parc accueille en avril l&rsquo;\u00e9v\u00e9nement <strong>Messer Tulipano<\/strong>, avec plus de 100 000 fleurs, dont des tulipes et des jonquilles, qui annoncent chaque ann\u00e9e le printemps.<\/p>\n\n<p>Le <strong>Sanctuaire de la Vierge de l&rsquo;\u00c9pine<\/strong> (1756), situ\u00e9 pr\u00e8s du <strong>Lago della Spina<\/strong>, un bassin d&rsquo;irrigation construit \u00e0 partir de 1827 qui atteint des dimensions impressionnantes, d&rsquo;environ 1 km de long et 200 m de large \u00e0 son point le plus large.<br\/>Le r\u00e9servoir, qui bloque encore aujourd&rsquo;hui la petite vall\u00e9e du rio Torto, a \u00e9t\u00e9 construit sur ordre du comte Carlo Beraudo di Pralormo et du marquis Carlo Emanuele Ferrero Della Marmora dans le but de recueillir les eaux de pluie pour l&rsquo;irrigation.<\/p>\n\n<p><\/p>\n\n<p><\/p>\n\n<p> <\/p>\n","protected":false},"excerpt":{"rendered":"<p>Pralormo compte environ 1 900 habitants, est situ\u00e9e \u00e0 40 km de Turin et s&rsquo;\u00e9tend sur une colline entre les contreforts du Pianalto et le d\u00e9but du Roero. Le toponyme est la synth\u00e8se de \u00ab\u00a0pratum\u00a0\u00bb et \u00ab\u00a0ulmum\u00a0\u00bb, un nom d\u00e9riv\u00e9 de la tradition lombarde de planter des arbres (ormes, ch\u00eanes, etc.) dans des endroits symboliques [&hellip;]<\/p>\n","protected":false},"author":1,"featured_media":0,"parent":0,"menu_order":0,"comment_status":"closed","ping_status":"closed","template":"","meta":{"footnotes":""},"class_list":["post-5639","page","type-page","status-publish","hentry"],"_links":{"self":[{"href":"https:\/\/www.camminodonbosco.eu\/fr\/wp-json\/wp\/v2\/pages\/5639","targetHints":{"allow":["GET"]}}],"collection":[{"href":"https:\/\/www.camminodonbosco.eu\/fr\/wp-json\/wp\/v2\/pages"}],"about":[{"href":"https:\/\/www.camminodonbosco.eu\/fr\/wp-json\/wp\/v2\/types\/page"}],"author":[{"embeddable":true,"href":"https:\/\/www.camminodonbosco.eu\/fr\/wp-json\/wp\/v2\/users\/1"}],"replies":[{"embeddable":true,"href":"https:\/\/www.camminodonbosco.eu\/fr\/wp-json\/wp\/v2\/comments?post=5639"}],"version-history":[{"count":0,"href":"https:\/\/www.camminodonbosco.eu\/fr\/wp-json\/wp\/v2\/pages\/5639\/revisions"}],"wp:attachment":[{"href":"https:\/\/www.camminodonbosco.eu\/fr\/wp-json\/wp\/v2\/media?parent=5639"}],"curies":[{"name":"wp","href":"https:\/\/api.w.org\/{rel}","templated":true}]}}