{"id":5785,"date":"2022-03-10T10:07:49","date_gmt":"2022-03-10T09:07:49","guid":{"rendered":"https:\/\/www.camminodonbosco.eu\/qui-sommes-nous\/"},"modified":"2024-01-07T16:59:33","modified_gmt":"2024-01-07T15:59:33","slug":"qui-sommes-nous","status":"publish","type":"page","link":"https:\/\/www.camminodonbosco.eu\/fr\/qui-sommes-nous\/","title":{"rendered":"Qui sommes-nous"},"content":{"rendered":"\t\t<div data-elementor-type=\"wp-page\" data-elementor-id=\"5785\" class=\"elementor elementor-5785 elementor-106\" data-elementor-post-type=\"page\">\n\t\t\t\t\t\t<section class=\"elementor-section elementor-top-section elementor-element elementor-element-7413a5ea elementor-section-full_width elementor-section-height-min-height elementor-section-items-stretch elementor-section-content-middle elementor-reverse-tablet elementor-section-height-default\" data-id=\"7413a5ea\" data-element_type=\"section\">\n\t\t\t\t\t\t<div class=\"elementor-container elementor-column-gap-no\">\n\t\t\t\t\t<div class=\"elementor-column elementor-col-50 elementor-top-column elementor-element elementor-element-67360b11\" data-id=\"67360b11\" data-element_type=\"column\">\n\t\t\t<div class=\"elementor-widget-wrap elementor-element-populated\">\n\t\t\t\t\t\t<div class=\"elementor-element elementor-element-4000cdb5 elementor-widget elementor-widget-heading\" data-id=\"4000cdb5\" data-element_type=\"widget\" data-widget_type=\"heading.default\">\n\t\t\t\t<div class=\"elementor-widget-container\">\n\t\t\t\t\t<h1 class=\"elementor-heading-title elementor-size-default\">Comment le Chemin Don Bosco est n\u00e9<\/h1>\t\t\t\t<\/div>\n\t\t\t\t<\/div>\n\t\t\t\t<div class=\"elementor-element elementor-element-38826822 elementor-widget elementor-widget-text-editor\" data-id=\"38826822\" data-element_type=\"widget\" data-widget_type=\"text-editor.default\">\n\t\t\t\t<div class=\"elementor-widget-container\">\n\t\t\t\t\t\t\t\t\t<p>En septembre 2010, un petit groupe de notre association s&rsquo;est mis en route vers Saint-Jean-Pied-de-Port en partant de Saint-Jean-Pied-de-Port. Une exp\u00e9rience inoubliable qui offre des \u00e9motions et laisse une empreinte chez tous ceux qui la vivent : on n&rsquo;est jamais seul, entour\u00e9 de nombreuses personnes de tous \u00e2ges venues du monde entier. Un <i>tourisme lent<\/i> qui traverse des territoires ayant retrouv\u00e9 leur identit\u00e9 et leur raison d&rsquo;\u00eatre gr\u00e2ce au <i>Chemin<\/i>. Certains marchent seuls, tandis que d&rsquo;autres aiment le faire en compagnie ; les motivations sont nombreuses, mais la destination est la m\u00eame : <b>Santiago de Compostela.&nbsp;<\/b>   <\/p>\n<p>Marcher sans destination pr\u00e9cise, juste parce que cela fait du bien, n&rsquo;est pas satisfaisant.<\/p>\n<p>Un an plus tard, lors d&rsquo;une de nos excursions sur un sentier des collines de Turin, nous avons rencontr\u00e9 un groupe joyeux de jeunes accompagn\u00e9s par un pr\u00eatre de l&rsquo;Oratoire sal\u00e9sien de Valdocco, qui les guidait de Turin \u00e0 la Cascina Moglia de Moncucco, reprenant ce que Don Bosco avait fait vivre aux jeunes de l&rsquo;Oratoire un si\u00e8cle auparavant. C&rsquo;est cette rencontre symbolique qui a donn\u00e9 naissance au <b>Chemin Don Bosco<\/b>, avec un projet soutenu par les Strade di Colori e Sapori, qui nous a <strong>conduit<\/strong> \u00e0 identifier plus de <strong>215 km<\/strong> <b>de chemins<\/b> en plus de 4 ans, \u00e0 installer environ <b>2000 balises<\/b> et \u00e0 r\u00e9diger en 2016 le <b>Guide du Chemin Don Bosco<\/b>, accompagn\u00e9 d&rsquo;une carte, en impliquant des dizaines d&rsquo;acteurs locaux. Le Chemin comprend 9 \u00e9tapes, 3 variantes, 2 liaisons et 4 autres itin\u00e9raires li\u00e9s \u00e0 Don Bosco.     <\/p>\n<p>L&rsquo;ASD Nordic Walking Andrate dispose d&rsquo;un <b>Comitato Tecnico Scientifico<\/b> <b>Cammino Don Bosco<\/b>, compos\u00e9 de: Ute Erika Ludwig (Pr\u00e9sidente de l&rsquo;ASD NW Andrate), Elena Di Bella (Directrice du Secteur D\u00e9veloppement Rural et Montagnard de la M\u00e9tropole de Turin), Elena Comollo (Assesseure \u00e0 la Promotion du Territoire et au Tourisme de la Commune de Chieri), Claudio Baldi, Paolo Deluca, Daniela Fassino et Paolo Vitagliani (Guides Environnementaux d&rsquo;Excursion), Gianpaolo Fassino (Historien \u00e0 l&rsquo;Universit\u00e9 du Pi\u00e9mont Oriental), Cecilia Garetto (M\u00e9diatrice Culturelle), Laura Agosti (Architecte Paysagiste) et Alessandro Piccioni (Architecte de l&rsquo;Information).<\/p>\n<p>Tout comme le Chemin de Saint-Jacques et la Via Francigena, le Chemin Don Bosco, comme l&rsquo;ont montr\u00e9 les derni\u00e8res ann\u00e9es, peut devenir un formidable outil de promotion et de valorisation \u00e9conomique du territoire, contribuant \u00e0 maintenir le r\u00e9seau de sentiers et \u00e0 pr\u00e9server l&rsquo;environnement et le paysage.<\/p>\n<p><i>\u201cEro uscito solo per fare una passeggiata ma alla fine decisi di restare fuori fino al tramonto, perch\u00e9 mi resi conto che l&rsquo;andare fuori era, in verit\u00e0, un andare dentro. In ogni passeggiata nella natura l&rsquo;uomo riceve sempre molto di pi\u00f9 di ci\u00f2 che cerca.\u201d&nbsp;<\/i><\/p>\n<p><em><strong>John Muir<\/strong><\/em>,<br>ng\u00e9nieur, naturaliste et \u00e9crivain \u00e9cossais<br>qui a consacr\u00e9 sa vie \u00e0 la d\u00e9fense et \u00e0 la pr\u00e9servation de la nature<\/p>\t\t\t\t\t\t\t\t<\/div>\n\t\t\t\t<\/div>\n\t\t\t\t\t<\/div>\n\t\t<\/div>\n\t\t\t\t<div class=\"elementor-column elementor-col-50 elementor-top-column elementor-element elementor-element-4ef67c39\" data-id=\"4ef67c39\" data-element_type=\"column\" data-settings=\"{&quot;background_background&quot;:&quot;classic&quot;}\">\n\t\t\t<div class=\"elementor-widget-wrap elementor-element-populated\">\n\t\t\t\t\t\t<div class=\"elementor-element elementor-element-7872f6c3 elementor-widget elementor-widget-spacer\" data-id=\"7872f6c3\" data-element_type=\"widget\" data-widget_type=\"spacer.default\">\n\t\t\t\t<div class=\"elementor-widget-container\">\n\t\t\t\t\t\t\t<div class=\"elementor-spacer\">\n\t\t\t<div class=\"elementor-spacer-inner\"><\/div>\n\t\t<\/div>\n\t\t\t\t\t\t<\/div>\n\t\t\t\t<\/div>\n\t\t\t\t\t<\/div>\n\t\t<\/div>\n\t\t\t\t\t<\/div>\n\t\t<\/section>\n\t\t\t\t<section class=\"elementor-section elementor-top-section elementor-element elementor-element-94e22e6 elementor-section-full_width elementor-section-height-default elementor-section-height-default\" data-id=\"94e22e6\" data-element_type=\"section\" data-settings=\"{&quot;background_background&quot;:&quot;classic&quot;}\">\n\t\t\t\t\t\t<div class=\"elementor-container elementor-column-gap-no\">\n\t\t\t\t\t<div class=\"elementor-column elementor-col-100 elementor-top-column elementor-element elementor-element-3eee758c\" data-id=\"3eee758c\" data-element_type=\"column\">\n\t\t\t<div class=\"elementor-widget-wrap elementor-element-populated\">\n\t\t\t\t\t\t<div class=\"elementor-element elementor-element-57de393 elementor-view-default elementor-widget elementor-widget-icon\" data-id=\"57de393\" data-element_type=\"widget\" data-widget_type=\"icon.default\">\n\t\t\t\t<div class=\"elementor-widget-container\">\n\t\t\t\t\t\t\t<div class=\"elementor-icon-wrapper\">\n\t\t\t<a class=\"elementor-icon\" href=\"#menu\">\n\t\t\t<i aria-hidden=\"true\" class=\"fas fa-arrow-up\"><\/i>\t\t\t<\/a>\n\t\t<\/div>\n\t\t\t\t\t\t<\/div>\n\t\t\t\t<\/div>\n\t\t\t\t<div class=\"elementor-element elementor-element-48a7011c elementor-widget elementor-widget-heading\" data-id=\"48a7011c\" data-element_type=\"widget\" data-widget_type=\"heading.default\">\n\t\t\t\t<div class=\"elementor-widget-container\">\n\t\t\t\t\t<h2 class=\"elementor-heading-title elementor-size-default\">Les auteurs<\/h2>\t\t\t\t<\/div>\n\t\t\t\t<\/div>\n\t\t\t\t<section class=\"elementor-section elementor-inner-section elementor-element elementor-element-2ccabd87 elementor-section-full_width elementor-section-height-default elementor-section-height-default\" data-id=\"2ccabd87\" data-element_type=\"section\">\n\t\t\t\t\t\t<div class=\"elementor-container elementor-column-gap-no\">\n\t\t\t\t\t<div class=\"elementor-column elementor-col-50 elementor-inner-column elementor-element elementor-element-1f3a7fe2\" data-id=\"1f3a7fe2\" data-element_type=\"column\">\n\t\t\t<div class=\"elementor-widget-wrap elementor-element-populated\">\n\t\t\t\t\t\t<div class=\"elementor-element elementor-element-8e54064 elementor-widget elementor-widget-heading\" data-id=\"8e54064\" data-element_type=\"widget\" data-widget_type=\"heading.default\">\n\t\t\t\t<div class=\"elementor-widget-container\">\n\t\t\t\t\t<h2 class=\"elementor-heading-title elementor-size-large\">Claudio Baldi\u200b<\/h2>\t\t\t\t<\/div>\n\t\t\t\t<\/div>\n\t\t\t\t<div class=\"elementor-element elementor-element-3a01d75 elementor-widget elementor-widget-image\" data-id=\"3a01d75\" data-element_type=\"widget\" data-widget_type=\"image.default\">\n\t\t\t\t<div class=\"elementor-widget-container\">\n\t\t\t\t\t\t\t\t\t\t\t\t\t\t\t<img fetchpriority=\"high\" decoding=\"async\" width=\"800\" height=\"535\" src=\"https:\/\/www.camminodonbosco.eu\/wp-content\/uploads\/2022\/07\/GliAutori-CLAUDIO-1024x685.jpg\" class=\"attachment-large size-large wp-image-1542\" alt=\"\" srcset=\"https:\/\/www.camminodonbosco.eu\/wp-content\/uploads\/2022\/07\/GliAutori-CLAUDIO-1024x685.jpg 1024w, https:\/\/www.camminodonbosco.eu\/wp-content\/uploads\/2022\/07\/GliAutori-CLAUDIO-300x201.jpg 300w, https:\/\/www.camminodonbosco.eu\/wp-content\/uploads\/2022\/07\/GliAutori-CLAUDIO-768x514.jpg 768w, https:\/\/www.camminodonbosco.eu\/wp-content\/uploads\/2022\/07\/GliAutori-CLAUDIO-1536x1028.jpg 1536w, https:\/\/www.camminodonbosco.eu\/wp-content\/uploads\/2022\/07\/GliAutori-CLAUDIO.jpg 1920w\" sizes=\"(max-width: 800px) 100vw, 800px\" \/>\t\t\t\t\t\t\t\t\t\t\t\t\t\t\t<\/div>\n\t\t\t\t<\/div>\n\t\t\t\t<div class=\"elementor-element elementor-element-d14d636 elementor-widget elementor-widget-text-editor\" data-id=\"d14d636\" data-element_type=\"widget\" data-widget_type=\"text-editor.default\">\n\t\t\t\t<div class=\"elementor-widget-container\">\n\t\t\t\t\t\t\t\t\t<p>Agronome et marcheur, <b>guide environnemental d&rsquo;excursion<\/b> et <b>instructeur de Nordic Walking<\/b> depuis 2006. Fondateur de l&rsquo;Association Sportive Dilettantistica Nordic Walking Andrate et directeur de l&rsquo;\u00c9cole de Nordic Walking d&rsquo;Andrate, il a cr\u00e9\u00e9 les Campus del Cammino\u00ae. Auteur de plusieurs publications sur la valorisation du territoire et les r\u00e9seaux de sentiers, dont :<i>l\u2019Atlante dei prodotti tipici della provincia di Torino<\/i> (2003), la <i>Guida turistica dell\u2019Andrate Nordic Walking Park<\/i> (2006), la <i>Guida dei sentieri del paesaggio di Chiaverano<\/i> (2007), i <i>Percorsi cicloescursionistici delle Strade di colori e sapori<\/i> (2011), la <i>Guida territoriale di Carmagnola<\/i> (2015),        <i><b>Cammino Don Bosco. Guida escursionistica con cartina <\/b><\/i> (2016), <i>Inseguendo Cavour &#8211; escursioni sulle tracce di Camillo Benso, Conte di Cavour<\/i> (2021) e gli <i><b>Anelli del Cammino di Don Bosco<\/b><\/i>(2022, 9 cartine).<\/p>\n\t\t\t\t\t\t\t\t<\/div>\n\t\t\t\t<\/div>\n\t\t\t\t\t<\/div>\n\t\t<\/div>\n\t\t\t\t<div class=\"elementor-column elementor-col-50 elementor-inner-column elementor-element elementor-element-7e583aea\" data-id=\"7e583aea\" data-element_type=\"column\">\n\t\t\t<div class=\"elementor-widget-wrap elementor-element-populated\">\n\t\t\t\t\t\t<div class=\"elementor-element elementor-element-9a696cc elementor-widget elementor-widget-heading\" data-id=\"9a696cc\" data-element_type=\"widget\" data-widget_type=\"heading.default\">\n\t\t\t\t<div class=\"elementor-widget-container\">\n\t\t\t\t\t<h2 class=\"elementor-heading-title elementor-size-large\">Ute Erika Ludwig\u200b<\/h2>\t\t\t\t<\/div>\n\t\t\t\t<\/div>\n\t\t\t\t<div class=\"elementor-element elementor-element-bf6bc6a elementor-widget elementor-widget-image\" data-id=\"bf6bc6a\" data-element_type=\"widget\" data-widget_type=\"image.default\">\n\t\t\t\t<div class=\"elementor-widget-container\">\n\t\t\t\t\t\t\t\t\t\t\t\t\t\t\t<img decoding=\"async\" width=\"800\" height=\"535\" src=\"https:\/\/www.camminodonbosco.eu\/wp-content\/uploads\/2022\/07\/GliAutori-UTE-1-1024x685.jpg\" class=\"attachment-large size-large wp-image-2003\" alt=\"\" srcset=\"https:\/\/www.camminodonbosco.eu\/wp-content\/uploads\/2022\/07\/GliAutori-UTE-1-1024x685.jpg 1024w, https:\/\/www.camminodonbosco.eu\/wp-content\/uploads\/2022\/07\/GliAutori-UTE-1-300x201.jpg 300w, https:\/\/www.camminodonbosco.eu\/wp-content\/uploads\/2022\/07\/GliAutori-UTE-1-768x514.jpg 768w, https:\/\/www.camminodonbosco.eu\/wp-content\/uploads\/2022\/07\/GliAutori-UTE-1-1536x1028.jpg 1536w, https:\/\/www.camminodonbosco.eu\/wp-content\/uploads\/2022\/07\/GliAutori-UTE-1.jpg 1920w\" sizes=\"(max-width: 800px) 100vw, 800px\" \/>\t\t\t\t\t\t\t\t\t\t\t\t\t\t\t<\/div>\n\t\t\t\t<\/div>\n\t\t\t\t<div class=\"elementor-element elementor-element-bc94e4d elementor-widget elementor-widget-text-editor\" data-id=\"bc94e4d\" data-element_type=\"widget\" data-widget_type=\"text-editor.default\">\n\t\t\t\t<div class=\"elementor-widget-container\">\n\t\t\t\t\t\t\t\t\t<p>N\u00e9e en Allemagne, elle est dipl\u00f4m\u00e9e en langues et en p\u00e9dagogie. Apr\u00e8s avoir \u00e9tudi\u00e9 et travaill\u00e9 en France, en Espagne et en Angleterre, elle vit en Italie depuis plusieurs d\u00e9cennies. Enseignante d&rsquo;allemand, traductrice et interpr\u00e8te dans des entreprises, des \u00e9coles et \u00e0 l&rsquo;Universit\u00e9 de Turin, elle a d\u00e9velopp\u00e9 une forte passion pour la photographie et la c\u00e9ramique. Propri\u00e9taire d&rsquo;un Bed &amp; Breakfast \u00e0 Moncucco T.se, depuis 2009, elle pratique la marche nordique et est devenue <b>instructrice de Nordic Walking<\/b> \u00e0 l&rsquo;ASD Nordic Walking Andrate, dont elle est actuellement la pr\u00e9sidente. Auteur du     <b><i>Cammino Don Bosco. Guida escursionistica con cartina <\/i><\/b> (2016) e degli <b><i>Anelli del Cammino di Don Bosco<\/i><\/b> (2022, 9 cartine).<\/p>\n\t\t\t\t\t\t\t\t<\/div>\n\t\t\t\t<\/div>\n\t\t\t\t\t<\/div>\n\t\t<\/div>\n\t\t\t\t\t<\/div>\n\t\t<\/section>\n\t\t\t\t\t<\/div>\n\t\t<\/div>\n\t\t\t\t\t<\/div>\n\t\t<\/section>\n\t\t\t\t<section class=\"elementor-section elementor-top-section elementor-element elementor-element-6eb29536 elementor-section-full_width elementor-section-height-min-height elementor-section-items-stretch elementor-section-content-middle elementor-reverse-mobile elementor-section-height-default\" data-id=\"6eb29536\" data-element_type=\"section\">\n\t\t\t\t\t\t<div class=\"elementor-container elementor-column-gap-no\">\n\t\t\t\t\t<div class=\"elementor-column elementor-col-50 elementor-top-column elementor-element elementor-element-1c0a7b3f\" data-id=\"1c0a7b3f\" data-element_type=\"column\" data-settings=\"{&quot;background_background&quot;:&quot;classic&quot;}\">\n\t\t\t<div class=\"elementor-widget-wrap elementor-element-populated\">\n\t\t\t\t\t\t<div class=\"elementor-element elementor-element-1f226a93 elementor-widget elementor-widget-spacer\" data-id=\"1f226a93\" data-element_type=\"widget\" data-widget_type=\"spacer.default\">\n\t\t\t\t<div class=\"elementor-widget-container\">\n\t\t\t\t\t\t\t<div class=\"elementor-spacer\">\n\t\t\t<div class=\"elementor-spacer-inner\"><\/div>\n\t\t<\/div>\n\t\t\t\t\t\t<\/div>\n\t\t\t\t<\/div>\n\t\t\t\t\t<\/div>\n\t\t<\/div>\n\t\t\t\t<div class=\"elementor-column elementor-col-50 elementor-top-column elementor-element elementor-element-3ee4d055\" data-id=\"3ee4d055\" data-element_type=\"column\">\n\t\t\t<div class=\"elementor-widget-wrap elementor-element-populated\">\n\t\t\t\t\t\t<div class=\"elementor-element elementor-element-4bc0618 elementor-view-default elementor-widget elementor-widget-icon\" data-id=\"4bc0618\" data-element_type=\"widget\" data-widget_type=\"icon.default\">\n\t\t\t\t<div class=\"elementor-widget-container\">\n\t\t\t\t\t\t\t<div class=\"elementor-icon-wrapper\">\n\t\t\t<a class=\"elementor-icon\" href=\"#menu\">\n\t\t\t<i aria-hidden=\"true\" class=\"fas fa-arrow-up\"><\/i>\t\t\t<\/a>\n\t\t<\/div>\n\t\t\t\t\t\t<\/div>\n\t\t\t\t<\/div>\n\t\t\t\t<div class=\"elementor-element elementor-element-46cd9490 elementor-widget elementor-widget-heading\" data-id=\"46cd9490\" data-element_type=\"widget\" data-widget_type=\"heading.default\">\n\t\t\t\t<div class=\"elementor-widget-container\">\n\t\t\t\t\t<h2 class=\"elementor-heading-title elementor-size-default\">L\u2019ASD Nordic Walking Andrate<\/h2>\t\t\t\t<\/div>\n\t\t\t\t<\/div>\n\t\t\t\t<div class=\"elementor-element elementor-element-534dba6 elementor-widget elementor-widget-text-editor\" data-id=\"534dba6\" data-element_type=\"widget\" data-widget_type=\"text-editor.default\">\n\t\t\t\t<div class=\"elementor-widget-container\">\n\t\t\t\t\t\t\t\t\t<p>L&rsquo;Association <b>Nordic Walking Andrate<\/b>, premi\u00e8re \u00e9cole de marche nordique en Italie cr\u00e9\u00e9e en 2007, organise chaque semaine des cours et des excursions de Nordic Walking. En collaboration avec les ASL, elle organise et g\u00e8re les Campus du Chemin\u00ae de Carmagnola, Ivrea et Rivarolo Canavese, ainsi que l&rsquo;AgriCampus du Chemin\u00ae des Collines de Turin \u00e0 Pecetto T.se, avec le parrainage des administrations locales. En plus de ses activit\u00e9s sportives, elle promeut des initiatives culturelles et \u00e9labore et r\u00e9alise des projets de r\u00e9cup\u00e9ration ou de valorisation des sentiers, notamment le r\u00e9seau de sentiers de l&rsquo;Andrate Nordic Walking Park, le Chemin de Don Bosco, le circuit cyclotouristique des Strade di Colori e Sapori et le Sentier fluvial de Rivarolo Canavese.  <\/p>\n<p><span style=\"letter-spacing: 0px;\"><a href=\"http:\/\/viviandrate.it\/\" target=\"_blank\" rel=\"noopener\">www.viviandrate.it<\/a><\/span><\/p>\n<p><a href=\"mailto:scuolanordicwalking@viviandrate.it\" target=\"_blank\" rel=\"noopener\">scuolanordicwalking@viviandrate.it<\/a><\/p>\n\t\t\t\t\t\t\t\t<\/div>\n\t\t\t\t<\/div>\n\t\t\t\t\t<\/div>\n\t\t<\/div>\n\t\t\t\t\t<\/div>\n\t\t<\/section>\n\t\t\t\t<section class=\"elementor-section elementor-top-section elementor-element elementor-element-38448bae elementor-section-full_width elementor-section-height-default elementor-section-height-default\" data-id=\"38448bae\" data-element_type=\"section\" data-settings=\"{&quot;background_background&quot;:&quot;classic&quot;}\">\n\t\t\t\t\t\t<div class=\"elementor-container elementor-column-gap-no\">\n\t\t\t\t\t<div class=\"elementor-column elementor-col-100 elementor-top-column elementor-element elementor-element-41e24902\" data-id=\"41e24902\" data-element_type=\"column\">\n\t\t\t<div class=\"elementor-widget-wrap elementor-element-populated\">\n\t\t\t\t\t\t<div class=\"elementor-element elementor-element-5a7225d elementor-view-default elementor-widget elementor-widget-icon\" data-id=\"5a7225d\" data-element_type=\"widget\" data-widget_type=\"icon.default\">\n\t\t\t\t<div class=\"elementor-widget-container\">\n\t\t\t\t\t\t\t<div class=\"elementor-icon-wrapper\">\n\t\t\t<a class=\"elementor-icon\" href=\"#menu\">\n\t\t\t<i aria-hidden=\"true\" class=\"fas fa-arrow-up\"><\/i>\t\t\t<\/a>\n\t\t<\/div>\n\t\t\t\t\t\t<\/div>\n\t\t\t\t<\/div>\n\t\t\t\t<div class=\"elementor-element elementor-element-67bf6a24 elementor-widget elementor-widget-heading\" data-id=\"67bf6a24\" data-element_type=\"widget\" data-widget_type=\"heading.default\">\n\t\t\t\t<div class=\"elementor-widget-container\">\n\t\t\t\t\t<h2 class=\"elementor-heading-title elementor-size-default\">Bibliographie<\/h2>\t\t\t\t<\/div>\n\t\t\t\t<\/div>\n\t\t\t\t<div class=\"elementor-element elementor-element-e3f2c21 elementor-widget elementor-widget-text-editor\" data-id=\"e3f2c21\" data-element_type=\"widget\" data-widget_type=\"text-editor.default\">\n\t\t\t\t<div class=\"elementor-widget-container\">\n\t\t\t\t\t\t\t\t\t<p>AA.VV. <b>Carissimo Oratorio Valdocco<\/b>, Scuola Grafica Salesiana, Torino, 2009<\/p>\n<p>Animagiovane, <b>Guida ai luoghi di Don Bosco<\/b>, Elledici, Roma, 2014<\/p>\n<p>Baldi Claudio, <b>Atlante dei prodotti tipici della Provincia di Torino<\/b>, Hapax editore, Torino, 2003<\/p>\n<p>Baruffi Giovanni, <b>Passeggiate nei dintorni di Torino<\/b>, Stamperia Reale, Torino 1853<\/p>\n<p>Bosco Giovanni, <b>Memorie dell\u2019Oratorio di S. Francesco di Sales. Dal 1815 al 1855 <\/b>, Istituto Storico Salesiano di Roma, Roma, 1991<\/p>\n<p>Candelo Luigi &#8211; Occhiena Diego, <b>I sentieri di Mamma Margherita<\/b>, San Giorgio Editrice, Genova, 2006<\/p>\n<p>Deambrogio Luigi,<b> Le passeggiate autunnali di Don Bosco per i Colli Monferrini<\/b>, Istituto Salesiano Bernardi Semeria, Castelnuovo Don Bosco, 1975<\/p>\n<p>Fassino Giampaolo, <b>A Vezzolano negli ultimi due secoli. Percorsi di visita tra sacro e profano,  <\/b>Centro Studi Piemontesi &#8211; L&amp;M I Luoghi e la Memoria, Torino, 2007<b><br \/><\/b><\/p>\n<p>Fassino Giampaolo, <b>Villastellone. Percorsi di storia e memoria della comunit\u00e0 <\/b>, Parentesi Graphica Carmagnola, 2022<\/p>\n<p>Francesia Giovanni, <b>Don Bosco e le sue passeggiate autunnali nel Monferrato<\/b>, Libreria Editrice Salesiana, Torino, 1901<\/p>\n<p>Ghivarello Riccardo, <b>Don Bosco Santo e Pino Torinese<\/b>, Soc. Ind. Graf. Fedetto e C., Torino, 1934  <\/p>\n<p>Peinetti Silvana, <b>A spasso lungo il Po<\/b>, arabAFenice, Cuneo, 2011<\/p>\n<p>Pro Natura Torino Onlus, <b>Sentieri della Collina Torinese<\/b>, Carte e guide descrittive nn.1 (Torino 2004), 2 (Torino 2007) e 3 (Torino 2013)<\/p><\/p>\n\t\t\t\t\t\t\t\t<\/div>\n\t\t\t\t<\/div>\n\t\t\t\t<div class=\"elementor-element elementor-element-13bd9a6 elementor-widget elementor-widget-spacer\" data-id=\"13bd9a6\" data-element_type=\"widget\" data-widget_type=\"spacer.default\">\n\t\t\t\t<div class=\"elementor-widget-container\">\n\t\t\t\t\t\t\t<div class=\"elementor-spacer\">\n\t\t\t<div class=\"elementor-spacer-inner\"><\/div>\n\t\t<\/div>\n\t\t\t\t\t\t<\/div>\n\t\t\t\t<\/div>\n\t\t\t\t<div class=\"elementor-element elementor-element-ac4e9f5 elementor-widget elementor-widget-text-editor\" data-id=\"ac4e9f5\" data-element_type=\"widget\" data-widget_type=\"text-editor.default\">\n\t\t\t\t<div class=\"elementor-widget-container\">\n\t\t\t\t\t\t\t\t\t<\/p>\n<p><i>\u201cImmaginiamo un prato verde un po\u2019 scosceso, con arbusti e piccole rocce, colpito dal sole ancora caldo di settembre tra le colline della provincia di Asti; un gruppetto di ragazzini con i pantaloni corti si tirano per la camicia, fanno capriole in mezzo all\u2019erba, ridono e schiamazzano. Immaginiamo di sentire ad un certo punto il forte suono di una tromba, i ragazzi si fermano, smettono i loro giochi e fanno silenzio. Compare allora un giovane sacerdote con una lunga veste nera, i capelli castani e ondulati. Prende i ragazzi per mano, li mette in fila ordinata, controlla che abbiano cibo ed acqua a sufficienza, li osserva mentre iniziano a camminare davanti a lui, pochi istanti dopo si unir\u00e0 al gruppo per chiuderlo\u201d.<\/i><\/p>\n<p style=\"text-align: right;\"><b>Extrait des \u201cMemorie dell\u2019Oratorio\u201d de Giovanni Bosco<\/b><\/p>\n\t\t\t\t\t\t\t\t<\/div>\n\t\t\t\t<\/div>\n\t\t\t\t\t<\/div>\n\t\t<\/div>\n\t\t\t\t\t<\/div>\n\t\t<\/section>\n\t\t\t\t<section class=\"elementor-section elementor-top-section elementor-element elementor-element-953f35b elementor-section-full_width elementor-section-height-default elementor-section-height-default\" data-id=\"953f35b\" data-element_type=\"section\">\n\t\t\t\t\t\t<div class=\"elementor-container elementor-column-gap-no\">\n\t\t\t\t\t<div class=\"elementor-column elementor-col-100 elementor-top-column elementor-element elementor-element-fb46c17\" data-id=\"fb46c17\" data-element_type=\"column\">\n\t\t\t<div class=\"elementor-widget-wrap elementor-element-populated\">\n\t\t\t\t\t\t<div class=\"elementor-element elementor-element-0aa3ece elementor-view-default elementor-widget elementor-widget-icon\" data-id=\"0aa3ece\" data-element_type=\"widget\" data-widget_type=\"icon.default\">\n\t\t\t\t<div class=\"elementor-widget-container\">\n\t\t\t\t\t\t\t<div class=\"elementor-icon-wrapper\">\n\t\t\t<a class=\"elementor-icon\" href=\"#menu\">\n\t\t\t<i aria-hidden=\"true\" class=\"fas fa-arrow-up\"><\/i>\t\t\t<\/a>\n\t\t<\/div>\n\t\t\t\t\t\t<\/div>\n\t\t\t\t<\/div>\n\t\t\t\t<div class=\"elementor-element elementor-element-52b12e7 elementor-widget elementor-widget-heading\" data-id=\"52b12e7\" data-element_type=\"widget\" data-widget_type=\"heading.default\">\n\t\t\t\t<div class=\"elementor-widget-container\">\n\t\t\t\t\t<h2 class=\"elementor-heading-title elementor-size-default\">Ils parlent du Chemin.<\/h2>\t\t\t\t<\/div>\n\t\t\t\t<\/div>\n\t\t\t\t\t<\/div>\n\t\t<\/div>\n\t\t\t\t\t<\/div>\n\t\t<\/section>\n\t\t\t\t<section class=\"elementor-section elementor-top-section elementor-element elementor-element-db885ca elementor-section-boxed elementor-section-height-default elementor-section-height-default\" data-id=\"db885ca\" data-element_type=\"section\">\n\t\t\t\t\t\t<div class=\"elementor-container elementor-column-gap-default\">\n\t\t\t\t\t<div class=\"elementor-column elementor-col-100 elementor-top-column elementor-element elementor-element-7b88e5b\" data-id=\"7b88e5b\" data-element_type=\"column\">\n\t\t\t<div class=\"elementor-widget-wrap elementor-element-populated\">\n\t\t\t\t\t\t<div class=\"elementor-element elementor-element-48629d5 elementor-arrows-yes elementor-review--has-separator elementor--star-style-star_fontawesome elementor-widget elementor-widget-reviews\" data-id=\"48629d5\" data-element_type=\"widget\" data-settings=\"{&quot;slides_per_view&quot;:&quot;4&quot;,&quot;slides_to_scroll&quot;:&quot;4&quot;,&quot;show_arrows&quot;:&quot;yes&quot;,&quot;speed&quot;:500,&quot;space_between&quot;:{&quot;unit&quot;:&quot;px&quot;,&quot;size&quot;:10,&quot;sizes&quot;:[]},&quot;space_between_tablet&quot;:{&quot;unit&quot;:&quot;px&quot;,&quot;size&quot;:10,&quot;sizes&quot;:[]},&quot;space_between_mobile&quot;:{&quot;unit&quot;:&quot;px&quot;,&quot;size&quot;:10,&quot;sizes&quot;:[]}}\" data-widget_type=\"reviews.default\">\n\t\t\t\t<div class=\"elementor-widget-container\">\n\t\t\t\t\t\t\t\t\t<div class=\"elementor-swiper\">\n\t\t\t\t\t<div class=\"elementor-main-swiper swiper\" role=\"region\" aria-roledescription=\"carousel\" aria-label=\"Diapositives\">\n\t\t\t\t<div class=\"swiper-wrapper\">\n\t\t\t\t\t\t\t\t\t\t\t<div class=\"swiper-slide\" role=\"group\" aria-roledescription=\"slide\">\n\t\t\t\t\t\t\t\t\t<div class=\"elementor-testimonial elementor-repeater-item-ec94349\">\n\t\t\t\t\t\t\t<div class=\"elementor-testimonial__header\">\n\t\t\t\t\t\t\t\t\t\t\t<div class=\"elementor-testimonial__image\">\n\t\t\t\t\t\t\t<img decoding=\"async\" src=\"https:\/\/www.camminodonbosco.eu\/wp-content\/uploads\/2022\/07\/ParlanodelCammino-ClaudiaC..jpg\" alt=\"Claudia C.\">\n\t\t\t\t\t\t\t\t\t\t\t\t\t<\/div>\n\t\t\t\t\t\t\t\t\t\t<cite class=\"elementor-testimonial__cite\"><span class=\"elementor-testimonial__name\">Claudia C.<\/span><\/cite>\t\t\t\t\t<div class=\"elementor-testimonial__icon elementor-icon elementor-icon-\" aria-label=\"Lire plus\"><\/div>\t\t\t\t<\/div>\n\t\t\t\t\t\t\t\t\t\t<div class=\"elementor-testimonial__content\">\n\t\t\t\t\t<div class=\"elementor-testimonial__text\">\n\t\t\t\t\t\tMon amie Laura et moi avons parcouru le chemin de Don Bosco en 2020, de Superga \u00e0 Castelnuovo Don Bosco en passant par Vezzolano. Cela a \u00e9t\u00e9 une exp\u00e9rience qui est rest\u00e9e grav\u00e9e dans nos c\u0153urs. En utilisant le guide officiel du chemin, nous avons pu admirer de magnifiques paysages et rencontrer des personnes qui nous ont fait nous sentir importantes en tant que marcheuses. Nous pensons que c'est un chemin avec un grand potentiel qui n'a rien \u00e0 envier aux chemins de plusieurs jours plus connus.\n\n\n\t\t\t\t\t<\/div>\n\t\t\t\t<\/div>\n\t\t\t\t\t<\/div>\n\t\t\t\t\t\t\t\t<\/div>\n\t\t\t\t\t\t\t\t\t\t\t<div class=\"swiper-slide\" role=\"group\" aria-roledescription=\"slide\">\n\t\t\t\t\t\t\t\t\t<div class=\"elementor-testimonial elementor-repeater-item-13e44f7\">\n\t\t\t\t\t\t\t<div class=\"elementor-testimonial__header\">\n\t\t\t\t\t\t\t\t\t\t\t<div class=\"elementor-testimonial__image\">\n\t\t\t\t\t\t\t<img decoding=\"async\" src=\"https:\/\/www.camminodonbosco.eu\/wp-content\/uploads\/2022\/07\/Patrizia-M..jpg\" alt=\"Patrizia M.\">\n\t\t\t\t\t\t\t\t\t\t\t\t\t<\/div>\n\t\t\t\t\t\t\t\t\t\t<cite class=\"elementor-testimonial__cite\"><span class=\"elementor-testimonial__name\">Patrizia M.<\/span><\/cite>\t\t\t\t\t<div class=\"elementor-testimonial__icon elementor-icon elementor-icon-\" aria-label=\"Lire plus\"><\/div>\t\t\t\t<\/div>\n\t\t\t\t\t\t\t\t\t\t<div class=\"elementor-testimonial__content\">\n\t\t\t\t\t<div class=\"elementor-testimonial__text\">\n\t\t\t\t\t\tEn juin 2021, en deux jours, nous avons parcouru le Chemin de Don Bosco, en partant de Superga jusqu'\u00e0 Castelnuovo Don Bosco. Nous avons d\u00e9cid\u00e9 de marcher sur la premi\u00e8re moiti\u00e9 du Chemin haut, de Superga \u00e0 Sciolze, et sur la deuxi\u00e8me moiti\u00e9, le Chemin moyen via la variante Sciolze-Moncucco Torinese. Nous avons utilis\u00e9 le guide \"Cammino di Don Bosco. Guida escursionistica\" de Claudio Baldi et Ute Ludwig, \u00e9dit\u00e9 par BluEdizioni. Le parcours est d'une beaut\u00e9 extraordinaire, traversant plusieurs villages des collines de Turin, empruntant \u00e9galement les sentiers d\u00e9j\u00e0 trac\u00e9s de la Colline de Turin et de la Superga Crea. Il est vari\u00e9 et panoramique, passant \u00e0 travers les bois et le long des cr\u00eates des collines, sur de longues portions sans rencontrer de centres habit\u00e9s. Le chemin se d\u00e9roule sur des sentiers et des routes peu fr\u00e9quent\u00e9es. Nous avons choisi cette option pour \u00e9viter autant que possible les routes asphalt\u00e9es. Les sentiers sont bien balis\u00e9s, avec une signalisation sp\u00e9cialement cr\u00e9\u00e9e pour le Chemin. Je le referais encore et encore. Et je le referai, en explorant les diff\u00e9rents sentiers indiqu\u00e9s dans le guide. \n\n    \n \n \t\t\t\t\t<\/div>\n\t\t\t\t<\/div>\n\t\t\t\t\t<\/div>\n\t\t\t\t\t\t\t\t<\/div>\n\t\t\t\t\t\t\t\t\t<\/div>\n\t\t\t\t\t\t\t\t\t\t\t\t\t\t\t<div class=\"elementor-swiper-button elementor-swiper-button-prev\" role=\"button\" tabindex=\"0\" aria-label=\"Pr\u00e9c\u00e9dent\">\n\t\t\t\t\t\t\t<i aria-hidden=\"true\" class=\"eicon-chevron-left\"><\/i>\t\t\t\t\t\t<\/div>\n\t\t\t\t\t\t<div class=\"elementor-swiper-button elementor-swiper-button-next\" role=\"button\" tabindex=\"0\" aria-label=\"Suivant\">\n\t\t\t\t\t\t\t<i aria-hidden=\"true\" class=\"eicon-chevron-right\"><\/i>\t\t\t\t\t\t<\/div>\n\t\t\t\t\t\t\t\t\t\t\t\t\t\t\t\t\t<\/div>\n\t\t\t\t<\/div>\n\t\t\t\t\t\t\t\t<\/div>\n\t\t\t\t<\/div>\n\t\t\t\t<div class=\"elementor-element elementor-element-394dabe elementor-widget elementor-widget-spacer\" data-id=\"394dabe\" data-element_type=\"widget\" data-widget_type=\"spacer.default\">\n\t\t\t\t<div class=\"elementor-widget-container\">\n\t\t\t\t\t\t\t<div class=\"elementor-spacer\">\n\t\t\t<div class=\"elementor-spacer-inner\"><\/div>\n\t\t<\/div>\n\t\t\t\t\t\t<\/div>\n\t\t\t\t<\/div>\n\t\t\t\t\t<\/div>\n\t\t<\/div>\n\t\t\t\t\t<\/div>\n\t\t<\/section>\n\t\t\t\t<\/div>\n\t\t","protected":false},"excerpt":{"rendered":"<p>Comment le Chemin Don Bosco est n\u00e9 En septembre 2010, un petit groupe de notre association s&rsquo;est mis en route vers Saint-Jean-Pied-de-Port en partant de Saint-Jean-Pied-de-Port. Une exp\u00e9rience inoubliable qui offre des \u00e9motions et laisse une empreinte chez tous ceux qui la vivent : on n&rsquo;est jamais seul, entour\u00e9 de nombreuses personnes de tous \u00e2ges [&hellip;]<\/p>\n","protected":false},"author":1,"featured_media":0,"parent":0,"menu_order":0,"comment_status":"closed","ping_status":"closed","template":"elementor_header_footer","meta":{"footnotes":""},"class_list":["post-5785","page","type-page","status-publish","hentry"],"_links":{"self":[{"href":"https:\/\/www.camminodonbosco.eu\/fr\/wp-json\/wp\/v2\/pages\/5785","targetHints":{"allow":["GET"]}}],"collection":[{"href":"https:\/\/www.camminodonbosco.eu\/fr\/wp-json\/wp\/v2\/pages"}],"about":[{"href":"https:\/\/www.camminodonbosco.eu\/fr\/wp-json\/wp\/v2\/types\/page"}],"author":[{"embeddable":true,"href":"https:\/\/www.camminodonbosco.eu\/fr\/wp-json\/wp\/v2\/users\/1"}],"replies":[{"embeddable":true,"href":"https:\/\/www.camminodonbosco.eu\/fr\/wp-json\/wp\/v2\/comments?post=5785"}],"version-history":[{"count":0,"href":"https:\/\/www.camminodonbosco.eu\/fr\/wp-json\/wp\/v2\/pages\/5785\/revisions"}],"wp:attachment":[{"href":"https:\/\/www.camminodonbosco.eu\/fr\/wp-json\/wp\/v2\/media?parent=5785"}],"curies":[{"name":"wp","href":"https:\/\/api.w.org\/{rel}","templated":true}]}}